{"id":952,"date":"2022-08-31T15:30:41","date_gmt":"2022-08-31T13:30:41","guid":{"rendered":"http:\/\/www.trecolore.at\/architects\/?page_id=952"},"modified":"2024-11-27T13:49:54","modified_gmt":"2024-11-27T12:49:54","slug":"datenschutz","status":"publish","type":"page","link":"https:\/\/www.trecolore.at\/architects\/datenschutz\/","title":{"rendered":"Datenschutzerkl\u00e4rung"},"content":{"rendered":"<p><div class=\"fusion-fullwidth fullwidth-box fusion-builder-row-1 fusion-flex-container has-pattern-background has-mask-background nonhundred-percent-fullwidth non-hundred-percent-height-scrolling\" style=\"--awb-border-radius-top-left:0px;--awb-border-radius-top-right:0px;--awb-border-radius-bottom-right:0px;--awb-border-radius-bottom-left:0px;--awb-flex-wrap:wrap;\" ><div class=\"fusion-builder-row fusion-row fusion-flex-align-items-flex-start fusion-flex-content-wrap\" style=\"max-width:998.4px;margin-left: calc(-4% \/ 2 );margin-right: calc(-4% \/ 2 );\"><div class=\"fusion-layout-column fusion_builder_column fusion-builder-column-0 fusion_builder_column_1_1 1_1 fusion-flex-column\" style=\"--awb-bg-size:cover;--awb-width-large:100%;--awb-margin-top-large:0px;--awb-spacing-right-large:1.92%;--awb-margin-bottom-large:20px;--awb-spacing-left-large:1.92%;--awb-width-medium:100%;--awb-order-medium:0;--awb-spacing-right-medium:1.92%;--awb-spacing-left-medium:1.92%;--awb-width-small:100%;--awb-order-small:0;--awb-spacing-right-small:1.92%;--awb-spacing-left-small:1.92%;\"><div class=\"fusion-column-wrapper fusion-column-has-shadow fusion-flex-justify-content-flex-start fusion-content-layout-column\"><div class=\"fusion-text fusion-text-1\"><p>Diese Datenschutzerkl\u00e4rung kl\u00e4rt \u00fcber die Art, den Umfang und Zweck der Verarbeitung (u.a. Erhebung, Verarbeitung und Nutzung sowie Einholung von Einwilligungen) von personenbezogenen Daten innerhalb unseres Onlineangebotes und der mit ihm verbundenen Webseiten, Funktionen und Inhalte (nachfolgend gemeinsam bezeichnet als \u201cOnlineangebot\u201d oder \u201cWebsite\u201d) auf. Die Datenschutzerkl\u00e4rung gilt unabh\u00e4ngig von den verwendeten Domains, Systemen, Plattformen und Ger\u00e4ten (z.B. Desktop oder Mobile) auf denen das Onlineangebot ausgef\u00fchrt wird. Anbieter des Onlineangebotes ist die Trecolore Architects ZT GmbH (nachfolgend bezeichnet als \u201cAnbieterIn\u201d, \u201cwir\u201d oder \u201cuns\u201d). Der Begriff \u201cNutzer\u201d umfasst alle Kunden und Besucher unseres Onlineangebotes.<\/p>\n<\/div><\/div><\/div><div class=\"fusion-layout-column fusion_builder_column fusion-builder-column-1 fusion_builder_column_1_1 1_1 fusion-flex-column\" style=\"--awb-bg-size:cover;--awb-width-large:100%;--awb-margin-top-large:0px;--awb-spacing-right-large:1.92%;--awb-margin-bottom-large:20px;--awb-spacing-left-large:1.92%;--awb-width-medium:100%;--awb-order-medium:0;--awb-spacing-right-medium:1.92%;--awb-spacing-left-medium:1.92%;--awb-width-small:100%;--awb-order-small:0;--awb-spacing-right-small:1.92%;--awb-spacing-left-small:1.92%;\"><div class=\"fusion-column-wrapper fusion-column-has-shadow fusion-flex-justify-content-flex-start fusion-content-layout-column\"><div class=\"fusion-title title fusion-title-1 fusion-sep-none fusion-title-text fusion-title-size-three\"><h3 class=\"fusion-title-heading title-heading-left fusion-responsive-typography-calculated\" style=\"margin:0;--fontSize:22;line-height:1.5;\">Grunds\u00e4tzliche Angaben zur Datenverarbeitung<\/h3><\/div><div class=\"fusion-text fusion-text-2\"><p>Wir nehmen den Schutz Ihrer pers\u00f6nlichen Daten sehr ernst und verarbeiten Ihre Daten daher auf Grundlage der gesetzlichen Bestimmungen (DSGVO, TKG 2021). Die Nutzung dieser Webseite ist prinzipiell ohne Angabe personenbezogener Daten m\u00f6glich, wir nutzen jedoch Cookies, um die Nutzungsh\u00e4ufigkeit und die Anzahl der Nutzer unserer Internetseiten zu ermitteln. Detaillierte Informationen dazu und wie Sie die Verwendung von Cookies unterbinden k\u00f6nnen, finden Sie finden Sie unter dem nachfolgenden Punkt \u201eEinsatz von Cookies\u201c. Dar\u00fcber hinaus erhebt und speichert unser Internet Service Provider (HostProfis ISP Telekom GmbH, 9500 Villach, Hans-Sittenberger-Stra\u00dfe 13) automatisch Informationen (sogenannte Server-Logfiles wie verwendeter Browser, Betriebssystem, Verweisseite, IP-Adresse, Uhrzeit des Zugriffs usw.) am Server, die f\u00fcr eine begrenzte Zeit gespeichert bleiben. Diese Daten dienen ausschlie\u00dflich der \u00dcberpr\u00fcfung der Systemsicherheit. Es erfolgt keine personenbezogene Auswertung oder Profilbildung. Dessen ungeachtet behalten wir uns vor, Ihre IP-Adresse bei einer rechtswidrigen Nutzung unserer Webseite entsprechend auszuwerten.<\/p>\n<p>Wenn Sie uns eine E-Mail-Nachricht schicken oder das Kontaktformular nutzen, werden Ihre angegebenen Daten zwecks Bearbeitung der Anfrage bis zur vollst\u00e4ndigen Erledigung Ihres Anliegens bzw. Ihrer Anfrage bei uns gespeichert. Eine Weitergabe der Daten an Dritte findet nicht statt.<\/p>\n<p>Wenn Sie mit uns eine Gesch\u00e4ftsbeziehung eingehen, erfolgt die Datenerhebung und Datenverarbeitung in einem f\u00fcr die Durchf\u00fchrung des Vertrages erforderlichen Ausma\u00df und beruht auf Artikel 6 Abs. 1 b) DSGVO. Eine Weitergabe an Dritte (wie z. B. Subplaner, Professionisten, etc.) kann f\u00fcr die Erf\u00fcllung der vertraglich vereinbarten Dienstleistung erforderlich sein; dies erfolgt jedoch auf Basis Ihrer schriftlichen Zustimmung (in der Regel im Rahmen der vertraglichen Vereinbarung zur Erbringung unserer Dienstleistungen). Die Daten werden gel\u00f6scht, sobald sie f\u00fcr den Zweck ihrer Verarbeitung nicht mehr erforderlich sind und soweit dem keine gesetzliche Aufbewahrungspflicht entgegensteht. Wir verwenden diese Daten ausschlie\u00dflich in diesem Zusammenhang und geben diese grunds\u00e4tzlich nicht an Dritte weiter, ausgenommen Sie haben uns dazu eine Einverst\u00e4ndniserkl\u00e4rung abgegeben oder aufgrund einer gesetzlichen Verpflichtung. Unter gesetzlichen Verpflichtungen sind insbesondere gerichtliche oder verwaltungsbeh\u00f6rdliche Anordnungen zur Herausgabe von Daten im Zusammenhang mit rechtswidrigen Handlungen zu verstehen. Dar\u00fcber hinaus haben wir geeignete technische und organisatorische Ma\u00dfnahmen und Verfahren im Einsatz, damit die Verarbeitung den Anforderungen der gesetzlichen Bestimmungen gen\u00fcgt und die Rechte der betroffenen Personen gesch\u00fctzt werden.<\/p>\n<p>Ihre personenbezogenen Daten werden nur so lange aufbewahrt, wie dies f\u00fcr die genannten Zwecke notwendig ist, es sei denn, es bestehen dar\u00fcber hinaus gehende gesetzliche oder vertragliche Aufbewahrungspflichten (z.B. handels-und steuerrechtliche Aufbewahrungspflichten).<\/p>\n<\/div><div class=\"fusion-text fusion-text-3\"><h4>Recht auf Auskunft<\/h4>\n<p>Ihnen stehen grunds\u00e4tzlich die Rechte auf Auskunft, Berichtigung, L\u00f6schung, Einschr\u00e4nkung, Daten\u00fcbertragbarkeit, Widerruf und Widerspruch zu. Wenn Sie glauben, dass die Verarbeitung Ihrer Daten gegen das Datenschutzrecht verst\u00f6\u00dft oder Ihre datenschutzrechtlichen Anspr\u00fcche sonst in einer Weise verletzt worden sind, k\u00f6nnen Sie bei uns kostenlos und jederzeit Ihr Recht auf Auskunft, Berichtigung, L\u00f6schung, Einschr\u00e4nkung, Daten\u00fcbertragbarkeit, Widerruf und Widerspruch einfordern oder sich bei der Aufsichtsbeh\u00f6rde beschweren. In \u00d6sterreich ist dies die Datenschutzbeh\u00f6rde.<\/p>\n<p><strong>Datenschutzrechtlich veranwortliche Person:<\/strong><br \/>\nArchitekt Dipl.-Ing. Hermann Dorn<br \/>\nTelefon +43 4248 29799<br \/>\narchitects@trecolore.at<\/p>\n<\/div><\/div><\/div><\/div><\/div><div class=\"fusion-fullwidth fullwidth-box fusion-builder-row-2 fusion-flex-container has-pattern-background has-mask-background nonhundred-percent-fullwidth non-hundred-percent-height-scrolling\" style=\"--awb-border-radius-top-left:0px;--awb-border-radius-top-right:0px;--awb-border-radius-bottom-right:0px;--awb-border-radius-bottom-left:0px;--awb-flex-wrap:wrap;\" ><div class=\"fusion-builder-row fusion-row fusion-flex-align-items-flex-start fusion-flex-content-wrap\" style=\"max-width:998.4px;margin-left: calc(-4% \/ 2 );margin-right: calc(-4% \/ 2 );\"><div class=\"fusion-layout-column fusion_builder_column fusion-builder-column-2 fusion_builder_column_1_1 1_1 fusion-flex-column\" style=\"--awb-bg-size:cover;--awb-width-large:100%;--awb-margin-top-large:0px;--awb-spacing-right-large:1.92%;--awb-margin-bottom-large:20px;--awb-spacing-left-large:1.92%;--awb-width-medium:100%;--awb-order-medium:0;--awb-spacing-right-medium:1.92%;--awb-spacing-left-medium:1.92%;--awb-width-small:100%;--awb-order-small:0;--awb-spacing-right-small:1.92%;--awb-spacing-left-small:1.92%;\"><div class=\"fusion-column-wrapper fusion-column-has-shadow fusion-flex-justify-content-flex-start fusion-content-layout-column\"><div class=\"fusion-title title fusion-title-2 fusion-sep-none fusion-title-text fusion-title-size-two\"><h2 class=\"fusion-title-heading title-heading-left fusion-responsive-typography-calculated\" style=\"margin:0;--fontSize:28;line-height:1.5;\">Einsatz von Cookies und \u00e4hnlichen Technologien<\/h2><\/div><div class=\"fusion-text fusion-text-4\"><p>Wir verwenden auf unserer Website Cookies, insbesondere um die Nutzungsh\u00e4ufigkeit und die Anzahl der Nutzer unserer Internetseiten zu ermitteln. Hierbei handelt es sich um kleine Dateien, die Ihr Browser automatisch erstellt und die auf Ihrem Endger\u00e4t (Laptop, Tablet, Smartphone o.\u00e4.) gespeichert werden, wenn Sie unsere Seite besuchen. In dem Cookie werden Informationen abgelegt, die sich jeweils im Zusammenhang mit dem spezifisch eingesetzten Endger\u00e4t ergeben. Dies bedeutet jedoch nicht, dass wir dadurch unmittelbar Kenntnis von Ihrer Identit\u00e4t erhalten. Die meisten Browser akzeptieren Cookies automatisch. Sie k\u00f6nnen Ihren Browser jedoch so konfigurieren, dass keine Cookies auf Ihrem Computer gespeichert werden oder stets ein Hinweis erscheint, bevor ein neuer Cookie angelegt wird. Sie k\u00f6nnen Cookies auch jederzeit von der Festplatte ihres PCs l\u00f6schen oder explizit f\u00fcr diese Website anpassen (Button Cookie-Einstellung links unten). Die Deaktivierung von Cookies kann unter Umst\u00e4nden einzelne Funktionalit\u00e4ten der Website einschr\u00e4nken.<\/p>\n<\/div><div class=\"fusion-text fusion-text-5\"><h3>Google Analytics<\/h3>\n<div id=\"collapse-b95809eb-e592-11e7-bce3-40f2e90e8d04-0\" class=\"collapse in\" aria-expanded=\"true\">\n<div class=\"content\">\n<div class=\"copy \">Auf dieser Webseite verwenden wir Google Analytics, einen Webanalysedienst der Google LLC, 1600 Amphitheatre Parkway, Mountain View, CA 94043, United States (\u201eGoogle\u201c). Google analysiert in unserem Auftrag Ihre Nutzung dieser Webseite. Das Tool arbeitet dabei ohne menschlichen Eingriff und analysiert das Browserverhalten des Website-Besuchers \u00fcber die angesehenen Inhalte. Daf\u00fcr werden Cookies als einmalige Kennung eingesetzt und auf dem Computer gespeichert. Diese Cookies enthalten Daten zu den aufgerufenen Inhalten weitere Informationen, wie Verweildauer etc. Daraus wird ein Profil erstellt, das pseudonymisiert mit anderen Daten zusammengef\u00fchrt wird und analysiert werden kann. Zu keinem Zeitpunkt werden personenbezogenen Daten ausgewertet, die eine R\u00fcckf\u00fchrung auf die individuelle Person m\u00f6glich machen. Alle IP-Adressen werden innerhalb der Session anonymisiert, eine R\u00fcckf\u00fchrung zu personenbezogenen Daten ist nicht mehr m\u00f6glich. Wir setzen Sie in Kenntnis, dass Google Ireland Limited, Irland ein Tochterunternehmen von Google LLC, California, Vereinigte Staaten ist. Wir k\u00f6nnen nicht ausschlie\u00dfen, dass Google Ireland Ihre Daten in den USA verarbeitet. Weitere Informationen zum Datenschutz von Google finden Sie <a href=\"https:\/\/policies.google.com\/privacy?hl=de-AT&amp;fg=1\" target=\"_blank\" rel=\"noopener\">hier<\/a>.<\/div>\n<\/div>\n<\/div>\n<div>&nbsp;<\/div>\n<div class=\"copy \">Sie k\u00f6nnen Ihre erteilte Einwilligung zur Webanalyse durch Google im Allgemeinen jederzeit widerrufen, indem Sie das <a href=\"https:\/\/tools.google.com\/dlpage\/gaoptout?hl=de\" target=\"_blank\" rel=\"noopener\">verf\u00fcgbare Browser-Plugin von Google<\/a> herunterladen und installieren. Alternativ dazu k\u00f6nnen Sie in den Cookie-Einstellungen unserer Website verhindern, dass beim Besuch unserer Website ihre Daten von Google Analytics erhoben werden.<\/div>\n<p>&nbsp;<\/p>\n<\/div><div class=\"fusion-title title fusion-title-3 fusion-sep-none fusion-title-text fusion-title-size-two\"><h2 class=\"fusion-title-heading title-heading-left fusion-responsive-typography-calculated\" style=\"margin:0;--fontSize:28;line-height:1.5;\">Externe Inhalte und Services<\/h2><\/div><div class=\"fusion-text fusion-text-6\"><h3>Google Fonts<\/h3>\n<p>Auf dieser Webseite verwenden wir Google Fonts, einen Dienst der Google LLC, 1600 Amphitheatre Parkway, Mountain View, CA 94043, United States (\u201eGoogle\u201c), der uns die Verwendung externer Schriftarten, sogenannter Google Fonts, erm\u00f6glicht. Wir bedienen uns dabei einer Technik, durch die die ben\u00f6tigte Schriftart vorab auf unserem Server zwischengespeichert wird. Eine direkte Verbindung Ihres Webbrowsers mit dem Google Server in den USA findet daher nicht statt. Dadurch wird verhindert, dass Ihre IP-Adresse an Google \u00fcbermittelt wird.<\/p>\n<p><strong>Drittlandtransfer<\/strong><br \/>\nSoweit Daten au\u00dferhalb der EU\/des EWR verarbeitet werden und kein dem europ\u00e4ischen Standard entsprechendes Datenschutzniveau besteht, haben wir zur Herstellung eines angemessenen Datenschutzniveaus <a href=\"https:\/\/business.safety.google\/adsprocessorterms\/sccs\/eu-c2p\/\" target=\"_blank\" rel=\"noopener\">mit dem Dienstleister EU-Standardvertragsklauseln<\/a> geschlossen. Die Muttergesellschaft von Google Ireland, Google LLC, hat Ihren Sitz in Kalifornien, USA. Eine \u00dcbermittlung von Daten in die USA und ein Zugriff US-amerikanischer Beh\u00f6rden auf die bei Google gespeicherten Daten kann nicht ausgeschlossen werden. Die USA gelten derzeit aus datenschutzrechtlicher Sicht als Drittland. Sie haben dort nicht die gleichen Rechte wie innerhalb der EU\/ des EWR. Ggf. stehen Ihnen keine Rechtsbehelfe gegen Zugriffe von Beh\u00f6rden zu. Informationen des Drittanbieters: Google Dublin, Google Ireland Ltd., Gordon House, Barrow Street, Dublin 4, Ireland, Fax: +353 (1) 436 1001. Nutzerbedingungen: <a href=\"https:\/\/www.google.com\/analytics\/terms\/de.html\" target=\"_blank\" rel=\"noopener\">http:\/\/www.google.com\/analytics\/terms\/de.html<\/a><\/p>\n<p>Weitere Informationen zum Datenschutz und der Sicherheit Ihrer Daten bei Google k\u00f6nnen in der <a href=\"https:\/\/policies.google.com\/privacy?hl=de\" target=\"_blank\" rel=\"noopener\">Datenschutzerkl\u00e4rung von Google<\/a> nachlesen.<\/p>\n<\/div><div class=\"fusion-text fusion-text-7\"><h3>Social Media Plugins<\/h3>\n<p>Auf diesen Seiten werden keine Plugins von sozialen Netzwerken (Facebook, Twitter, etc.) verwendet, die automatisch eine Verbindung zwischen Ihrem Browser und dem Plugin-Server herstellen. Wir haben jedoch fallweise Links zu jenen Social Media Netzwerken gelegt, die wir selbst f\u00fcr PR-Zwecke verwenden. Wenn Sie diesen Links folgen (also auf den Link, gegebenenfalls auch Icon klicken) und sicher gehen wollen, dass Ihr Besuch auf unserer Website nicht Ihrem eigenen Social Network Benutzerkonto zugeordnet werden kann, so empfehlen wir Ihnen, sich aus dem jeweiligen Social Network Benutzerkonto auszuloggen.<\/p>\n<h3>Vimeo Videos<\/h3>\n<p>Wir verwenden auf unserer Website das Video Streaming Portal Vimeo (Vimeo Inc. 555 West 18th Street, New York 10011, USA), um Videos in unseren Content einzubinden. Daf\u00fcr ist es erforderlich, dass Vimeo beim Aufruf der Seite Cookies auf Ihrem Computer speichert. Diese <span class=\"notranslate\">Cookies werden von Vimeo verwendet, um bestimmte Funktionen zu aktivieren,<\/span><span class=\"notranslate\"> um Analysen bereitzustellen, <\/span><span class=\"notranslate\">um Ihre Pr\u00e4ferenzen zu speichern<\/span> <span class=\"notranslate\"> und um Werbung und verhaltensbezogene Werbung zu erm\u00f6glichen. <\/span>Wenn Sie das verhindern wollen, k\u00f6nnen Sie Ihre individuellen Cookie <a class=\"cli_settings_button\" tabindex=\"0\" role=\"button\">Einstellungen anpassen<\/a> (gilt nur f\u00fcr diese Website) oder auf Ihrem Browser generell das Speichern von Cookies deaktivieren bzw. auf bestimmte Websites beschr\u00e4nken. Sie k\u00f6nnen Cookies auch jederzeit von der Festplatte ihres PCs l\u00f6schen.<\/p>\n<p>&nbsp;<\/p>\n<\/div><\/div><\/div><\/div><\/div><\/p>\n","protected":false},"excerpt":{"rendered":"","protected":false},"author":1,"featured_media":0,"parent":0,"menu_order":0,"comment_status":"closed","ping_status":"closed","template":"","meta":{"ngg_post_thumbnail":0,"footnotes":""},"class_list":["post-952","page","type-page","status-publish","hentry"],"yoast_head":"<!-- This site is optimized with the Yoast SEO plugin v27.0 - https:\/\/yoast.com\/product\/yoast-seo-wordpress\/ -->\n<title>Trecolore :: Architects of integrated solutions | Datenschutzerkl\u00e4rung<\/title>\n<meta name=\"description\" content=\"Die Datenschutzerkl\u00e4rung kl\u00e4rt \u00fcber die Art, den Umfang und Zweck der Verarbeitung (u.a. Erhebung, Verarbeitung und Nutzung sowie Einholung von Einwilligungen) von personenbezogenen Daten innerhalb unseres Onlineangebotes und der mit ihm verbundenen Webseiten, Funktionen und Inhalte (nachfolgend gemeinsam bezeichnet als \u201cOnlineangebot\u201d oder \u201cWebsite\u201d) auf.\" \/>\n<meta name=\"robots\" content=\"index, follow, max-snippet:-1, max-image-preview:large, max-video-preview:-1\" \/>\n<link rel=\"canonical\" href=\"https:\/\/www.trecolore.at\/architects\/datenschutz\/\" \/>\n<meta property=\"og:locale\" content=\"de_DE\" \/>\n<meta property=\"og:type\" content=\"article\" \/>\n<meta property=\"og:title\" content=\"Trecolore :: Architects of integrated solutions | Datenschutzerkl\u00e4rung\" \/>\n<meta property=\"og:description\" content=\"Die Datenschutzerkl\u00e4rung kl\u00e4rt \u00fcber die Art, den Umfang und Zweck der Verarbeitung (u.a. Erhebung, Verarbeitung und Nutzung sowie Einholung von Einwilligungen) von personenbezogenen Daten innerhalb unseres Onlineangebotes und der mit ihm verbundenen Webseiten, Funktionen und Inhalte (nachfolgend gemeinsam bezeichnet als \u201cOnlineangebot\u201d oder \u201cWebsite\u201d) auf.\" \/>\n<meta property=\"og:url\" content=\"https:\/\/www.trecolore.at\/architects\/datenschutz\/\" \/>\n<meta property=\"og:site_name\" content=\"Trecolore :: Architects of integrated solutions\" \/>\n<meta property=\"article:publisher\" content=\"https:\/\/www.facebook.com\/trecolore\/\" \/>\n<meta property=\"article:modified_time\" content=\"2024-11-27T12:49:54+00:00\" \/>\n<meta name=\"twitter:card\" content=\"summary_large_image\" \/>\n<meta name=\"twitter:label1\" content=\"Gesch\u00e4tzte Lesezeit\" \/>\n\t<meta name=\"twitter:data1\" content=\"8\u00a0Minuten\" \/>\n<script type=\"application\/ld+json\" class=\"yoast-schema-graph\">{\"@context\":\"https:\/\/schema.org\",\"@graph\":[{\"@type\":\"WebPage\",\"@id\":\"https:\/\/www.trecolore.at\/architects\/datenschutz\/\",\"url\":\"https:\/\/www.trecolore.at\/architects\/datenschutz\/\",\"name\":\"Trecolore :: Architects of integrated solutions | Datenschutzerkl\u00e4rung\",\"isPartOf\":{\"@id\":\"https:\/\/www.trecolore.at\/architects\/#website\"},\"datePublished\":\"2022-08-31T13:30:41+00:00\",\"dateModified\":\"2024-11-27T12:49:54+00:00\",\"description\":\"Die Datenschutzerkl\u00e4rung kl\u00e4rt \u00fcber die Art, den Umfang und Zweck der Verarbeitung (u.a. Erhebung, Verarbeitung und Nutzung sowie Einholung von Einwilligungen) von personenbezogenen Daten innerhalb unseres Onlineangebotes und der mit ihm verbundenen Webseiten, Funktionen und Inhalte (nachfolgend gemeinsam bezeichnet als \u201cOnlineangebot\u201d oder \u201cWebsite\u201d) auf.\",\"breadcrumb\":{\"@id\":\"https:\/\/www.trecolore.at\/architects\/datenschutz\/#breadcrumb\"},\"inLanguage\":\"de\",\"potentialAction\":[{\"@type\":\"ReadAction\",\"target\":[\"https:\/\/www.trecolore.at\/architects\/datenschutz\/\"]}]},{\"@type\":\"BreadcrumbList\",\"@id\":\"https:\/\/www.trecolore.at\/architects\/datenschutz\/#breadcrumb\",\"itemListElement\":[{\"@type\":\"ListItem\",\"position\":1,\"name\":\"Startseite\",\"item\":\"https:\/\/www.trecolore.at\/architects\/\"},{\"@type\":\"ListItem\",\"position\":2,\"name\":\"Datenschutzerkl\u00e4rung\"}]},{\"@type\":\"WebSite\",\"@id\":\"https:\/\/www.trecolore.at\/architects\/#website\",\"url\":\"https:\/\/www.trecolore.at\/architects\/\",\"name\":\"Trecolore :: Architects of integrated solutions\",\"description\":\"Architekturb\u00fcro f\u00fcr integrale Planung\",\"potentialAction\":[{\"@type\":\"SearchAction\",\"target\":{\"@type\":\"EntryPoint\",\"urlTemplate\":\"https:\/\/www.trecolore.at\/architects\/?s={search_term_string}\"},\"query-input\":{\"@type\":\"PropertyValueSpecification\",\"valueRequired\":true,\"valueName\":\"search_term_string\"}}],\"inLanguage\":\"de\"}]}<\/script>\n<!-- \/ Yoast SEO plugin. -->","yoast_head_json":{"title":"Trecolore :: Architects of integrated solutions | Datenschutzerkl\u00e4rung","description":"Die Datenschutzerkl\u00e4rung kl\u00e4rt \u00fcber die Art, den Umfang und Zweck der Verarbeitung (u.a. Erhebung, Verarbeitung und Nutzung sowie Einholung von Einwilligungen) von personenbezogenen Daten innerhalb unseres Onlineangebotes und der mit ihm verbundenen Webseiten, Funktionen und Inhalte (nachfolgend gemeinsam bezeichnet als \u201cOnlineangebot\u201d oder \u201cWebsite\u201d) auf.","robots":{"index":"index","follow":"follow","max-snippet":"max-snippet:-1","max-image-preview":"max-image-preview:large","max-video-preview":"max-video-preview:-1"},"canonical":"https:\/\/www.trecolore.at\/architects\/datenschutz\/","og_locale":"de_DE","og_type":"article","og_title":"Trecolore :: Architects of integrated solutions | Datenschutzerkl\u00e4rung","og_description":"Die Datenschutzerkl\u00e4rung kl\u00e4rt \u00fcber die Art, den Umfang und Zweck der Verarbeitung (u.a. Erhebung, Verarbeitung und Nutzung sowie Einholung von Einwilligungen) von personenbezogenen Daten innerhalb unseres Onlineangebotes und der mit ihm verbundenen Webseiten, Funktionen und Inhalte (nachfolgend gemeinsam bezeichnet als \u201cOnlineangebot\u201d oder \u201cWebsite\u201d) auf.","og_url":"https:\/\/www.trecolore.at\/architects\/datenschutz\/","og_site_name":"Trecolore :: Architects of integrated solutions","article_publisher":"https:\/\/www.facebook.com\/trecolore\/","article_modified_time":"2024-11-27T12:49:54+00:00","twitter_card":"summary_large_image","twitter_misc":{"Gesch\u00e4tzte Lesezeit":"8\u00a0Minuten"},"schema":{"@context":"https:\/\/schema.org","@graph":[{"@type":"WebPage","@id":"https:\/\/www.trecolore.at\/architects\/datenschutz\/","url":"https:\/\/www.trecolore.at\/architects\/datenschutz\/","name":"Trecolore :: Architects of integrated solutions | Datenschutzerkl\u00e4rung","isPartOf":{"@id":"https:\/\/www.trecolore.at\/architects\/#website"},"datePublished":"2022-08-31T13:30:41+00:00","dateModified":"2024-11-27T12:49:54+00:00","description":"Die Datenschutzerkl\u00e4rung kl\u00e4rt \u00fcber die Art, den Umfang und Zweck der Verarbeitung (u.a. Erhebung, Verarbeitung und Nutzung sowie Einholung von Einwilligungen) von personenbezogenen Daten innerhalb unseres Onlineangebotes und der mit ihm verbundenen Webseiten, Funktionen und Inhalte (nachfolgend gemeinsam bezeichnet als \u201cOnlineangebot\u201d oder \u201cWebsite\u201d) auf.","breadcrumb":{"@id":"https:\/\/www.trecolore.at\/architects\/datenschutz\/#breadcrumb"},"inLanguage":"de","potentialAction":[{"@type":"ReadAction","target":["https:\/\/www.trecolore.at\/architects\/datenschutz\/"]}]},{"@type":"BreadcrumbList","@id":"https:\/\/www.trecolore.at\/architects\/datenschutz\/#breadcrumb","itemListElement":[{"@type":"ListItem","position":1,"name":"Startseite","item":"https:\/\/www.trecolore.at\/architects\/"},{"@type":"ListItem","position":2,"name":"Datenschutzerkl\u00e4rung"}]},{"@type":"WebSite","@id":"https:\/\/www.trecolore.at\/architects\/#website","url":"https:\/\/www.trecolore.at\/architects\/","name":"Trecolore :: Architects of integrated solutions","description":"Architekturb\u00fcro f\u00fcr integrale Planung","potentialAction":[{"@type":"SearchAction","target":{"@type":"EntryPoint","urlTemplate":"https:\/\/www.trecolore.at\/architects\/?s={search_term_string}"},"query-input":{"@type":"PropertyValueSpecification","valueRequired":true,"valueName":"search_term_string"}}],"inLanguage":"de"}]}},"_links":{"self":[{"href":"https:\/\/www.trecolore.at\/architects\/wp-json\/wp\/v2\/pages\/952","targetHints":{"allow":["GET"]}}],"collection":[{"href":"https:\/\/www.trecolore.at\/architects\/wp-json\/wp\/v2\/pages"}],"about":[{"href":"https:\/\/www.trecolore.at\/architects\/wp-json\/wp\/v2\/types\/page"}],"author":[{"embeddable":true,"href":"https:\/\/www.trecolore.at\/architects\/wp-json\/wp\/v2\/users\/1"}],"replies":[{"embeddable":true,"href":"https:\/\/www.trecolore.at\/architects\/wp-json\/wp\/v2\/comments?post=952"}],"version-history":[{"count":18,"href":"https:\/\/www.trecolore.at\/architects\/wp-json\/wp\/v2\/pages\/952\/revisions"}],"predecessor-version":[{"id":4578,"href":"https:\/\/www.trecolore.at\/architects\/wp-json\/wp\/v2\/pages\/952\/revisions\/4578"}],"wp:attachment":[{"href":"https:\/\/www.trecolore.at\/architects\/wp-json\/wp\/v2\/media?parent=952"}],"curies":[{"name":"wp","href":"https:\/\/api.w.org\/{rel}","templated":true}]}}