{"id":656,"date":"2017-03-13T15:37:25","date_gmt":"2017-03-13T14:37:25","guid":{"rendered":"http:\/\/www.trecolore.at\/architects\/?page_id=656"},"modified":"2026-01-20T09:40:45","modified_gmt":"2026-01-20T08:40:45","slug":"projektreferenzen","status":"publish","type":"page","link":"https:\/\/www.trecolore.at\/architects\/projektreferenzen\/","title":{"rendered":"Projektreferenzen"},"content":{"rendered":"<div class=\"fusion-fullwidth fullwidth-box fusion-builder-row-1 nonhundred-percent-fullwidth non-hundred-percent-height-scrolling\" style=\"--awb-border-radius-top-left:0px;--awb-border-radius-top-right:0px;--awb-border-radius-bottom-right:0px;--awb-border-radius-bottom-left:0px;--awb-flex-wrap:wrap;\" ><div class=\"fusion-builder-row fusion-row\"><div class=\"fusion-layout-column fusion_builder_column fusion-builder-column-0 fusion_builder_column_1_1 1_1 fusion-one-full fusion-column-first fusion-column-last\" style=\"--awb-bg-size:cover;--awb-margin-bottom:0px;\"><div class=\"fusion-column-wrapper fusion-flex-column-wrapper-legacy\"><div class=\"fusion-text fusion-text-1\"><p>Ein gro\u00dfer Erfolg von Trecolore Architects steht ganz am Beginn der Unternehmensgeschichte: Der Gewinn des EU-weit ausgeschriebenen Wettbewerbes um den Ausbau des <a href=\"https:\/\/www.trecolore.at\/architects\/architects\/exhibition-design\/expo-2005-aichi-japan\/\">\u00d6sterreich Pavillons f\u00fcr die EXPO 2005 in Japan<\/a> und dessen erfolgreiche Umsetzung war ein bedeutender Achtungserfolg, der uns bereits im Gr\u00fcndungsjahr international Lob und Anerkennung gebracht hat.<\/p>\n<p>Darauf aufbauend haben wir in den vergangenen 20 Jahren rund 400 Projekte mit einem Bauvolumen von rund 700 Mio. Euro umgesetzt, darunter zahlreiche &#x2197; <a href=\"https:\/\/www.trecolore.at\/architects\/projektreferenzen\/gewerbliche-nutzung\/\">Immobilien zur gewerblichen Nutzung<\/a>, etliche &#x2197; <a href=\"https:\/\/www.trecolore.at\/architects\/projektreferenzen\/exhibition-design\/\">Exhibition Designs<\/a> f\u00fcr Ausstellungen in aller Welt und nat\u00fcrlich auch zahlreiche &#x2197; <a href=\"https:\/\/www.trecolore.at\/architects\/projektreferenzen\/wohnraum\/\">exklusive Einfamilienwohnh\u00e4user<\/a>. Nachfolgend finden Sie die Highlights aus diesem Portfolio:<\/p>\n<\/div><div class=\"fusion-reading-box-container reading-box-container-1\" style=\"--awb-title-color:#333333;--awb-margin-top:30px;--awb-margin-bottom:50px;\"><div class=\"reading-box reading-box-center\" style=\"background-color:#ffffff;border-width:1px;border-color:#dbdbdb;border-style:solid;\"><div class=\"reading-box-additional\">\n<p>Wir bedanken uns bei allen unseren Auftraggebern f\u00fcr ihr Vertrauen!<\/p>\n<\/div><div class=\"fusion-clearfix\"><\/div><\/div><svg style=\"opacity:0.70;\" xmlns=\"http:\/\/www.w3.org\/2000\/svg\" version=\"1.1\" width=\"100%\" viewBox=\"0 0 600 28\" preserveAspectRatio=\"none\"><g clip-path=\"url(#a)\"><mask id=\"b\" style=\"mask-type:luminance\" maskUnits=\"userSpaceOnUse\" x=\"0\" y=\"0\" width=\"600\" height=\"28\"><path d=\"M0 0h600v28H0V0Z\" fill=\"#fff\"\/><\/mask><g filter=\"url(#c)\" mask=\"url(#b)\"><path d=\"M16.439-18.667h567.123v30.8S438.961-8.4 300-8.4C161.04-8.4 16.438 12.133 16.438 12.133v-30.8Z\" fill=\"#000\"\/><\/g><\/g><defs><clipPath id=\"a\"><path fill=\"#fff\" d=\"M0 0h600v28H0z\"\/><\/clipPath><filter id=\"c\" x=\"5.438\" y=\"-29.667\" width=\"589.123\" height=\"52.8\" filterUnits=\"userSpaceOnUse\" color-interpolation-filters=\"sRGB\"><feFlood flood-opacity=\"0\" result=\"BackgroundImageFix\"\/><feBlend in=\"SourceGraphic\" in2=\"BackgroundImageFix\" result=\"shape\"\/><feGaussianBlur stdDeviation=\"5.5\" result=\"effect1_foregroundBlur_3983_183\"\/><\/filter><\/defs><\/svg><\/div><div class=\"fusion-blog-shortcode fusion-blog-shortcode-1 fusion-blog-archive fusion-blog-layout-grid-wrapper fusion-blog-infinite\"><style type=\"text\/css\">.fusion-blog-shortcode-1 .fusion-blog-layout-grid .fusion-post-grid{padding:20px;}.fusion-blog-shortcode-1 .fusion-posts-container{margin-left: -20px !important; margin-right:-20px !important;}<\/style><div class=\"fusion-posts-container fusion-posts-container-infinite fusion-no-meta-info fusion-blog-rollover fusion-blog-layout-grid fusion-blog-layout-grid-3 isotope\" data-pages=\"5\" data-grid-col-space=\"40\" style=\"margin: -20px -20px 0;min-height:500px;\"><article id=\"blog-1-post-4795\" class=\"fusion-post-grid post-4795 post type-post status-publish format-standard has-post-thumbnail hentry category-exhibition-design category-projekte\">\n<div class=\"fusion-post-wrapper\" style=\"background-color:rgba(255,255,255,0);border:1px solid #ebeaea;border-bottom-width:3px;\">\n\n\t\t\t<div class=\"fusion-flexslider flexslider fusion-flexslider-loading fusion-post-slideshow\" style=\"border-color:#ebeaea;\">\n\t\t<ul class=\"slides\">\n\t\t\t\n\t\t\t\t\t\t\t\t\t\t\t\t\t\t<li><div  class=\"fusion-image-wrapper\" aria-haspopup=\"true\">\n\t\t\t\t<img decoding=\"async\" width=\"1920\" height=\"1281\" src=\"https:\/\/www.trecolore.at\/architects\/wp-content\/uploads\/2025\/05\/Kunsthaus-Gmuend_01.webp\" class=\"attachment-full size-full lazyload wp-post-image\" alt=\"\" srcset=\"data:image\/svg+xml,%3Csvg%20xmlns%3D%27http%3A%2F%2Fwww.w3.org%2F2000%2Fsvg%27%20width%3D%271920%27%20height%3D%271281%27%20viewBox%3D%270%200%201920%201281%27%3E%3Crect%20width%3D%271920%27%20height%3D%271281%27%20fill-opacity%3D%220%22%2F%3E%3C%2Fsvg%3E\" data-orig-src=\"https:\/\/www.trecolore.at\/architects\/wp-content\/uploads\/2025\/05\/Kunsthaus-Gmuend_01.webp\" data-srcset=\"https:\/\/www.trecolore.at\/architects\/wp-content\/uploads\/2025\/05\/Kunsthaus-Gmuend_01-200x133.webp 200w, https:\/\/www.trecolore.at\/architects\/wp-content\/uploads\/2025\/05\/Kunsthaus-Gmuend_01-400x267.webp 400w, https:\/\/www.trecolore.at\/architects\/wp-content\/uploads\/2025\/05\/Kunsthaus-Gmuend_01-600x400.webp 600w, https:\/\/www.trecolore.at\/architects\/wp-content\/uploads\/2025\/05\/Kunsthaus-Gmuend_01-800x534.webp 800w, https:\/\/www.trecolore.at\/architects\/wp-content\/uploads\/2025\/05\/Kunsthaus-Gmuend_01-1200x801.webp 1200w, https:\/\/www.trecolore.at\/architects\/wp-content\/uploads\/2025\/05\/Kunsthaus-Gmuend_01.webp 1920w\" data-sizes=\"auto\" \/><div class=\"fusion-rollover\">\n\t<div class=\"fusion-rollover-content\">\n\n\t\t\t\t\t\t\t\t\t\t\t\t\t\t<a class=\"fusion-rollover-link\" href=\"https:\/\/www.trecolore.at\/architects\/kunsthaus-gmuend\/\">Kunsthaus Gm\u00fcnd<\/a>\n\t\t\t\n\t\t\t\t\t\t\t\t\n\t\t\n\t\t\t\t\t\t\t\t\n\t\t\t\t\t\t\t\t\n\t\t\n\t\t\t\t\t\t<a class=\"fusion-link-wrapper\" href=\"https:\/\/www.trecolore.at\/architects\/kunsthaus-gmuend\/\" aria-label=\"Kunsthaus Gm\u00fcnd\"><\/a>\n\t<\/div>\n<\/div>\n<\/div>\n<\/li>\n\t\t\t\n\t\t\t\n\t\t\t\t\t\t\t\t\t\t\t\t\t\t\t\t\t\t\t\t\t\t\t\t\t\t\t\t\t\t\t\t\t\t\t\t\t\t\t\t\t\t\t\t\t\t\t\t\t\t\t\t\t\t\t\t\t\t\t\t\t\t\t\t\t\t\t\t<\/ul>\n\t<\/div>\n\t<div class=\"fusion-post-content-wrapper\" style=\"padding:30px 25px 20px 25px;\"><div class=\"fusion-post-content post-content\"><h2 class=\"blog-shortcode-post-title entry-title\"><a href=\"https:\/\/www.trecolore.at\/architects\/kunsthaus-gmuend\/\">Kunsthaus Gm\u00fcnd<\/a><\/h2><div class=\"fusion-post-content-container\"><p>Kunsthaus Gm\u00fcnd   Auftrag: Generalplanung  Auftraggeber: K\u00fcnstler:innenstadt Gm\u00fcnd gemeinn\u00fctzige Privatstiftung | ZMI GmbH  Nutzfl\u00e4che: ca. 1.040 m\u00b2\u00a0 [...]<\/p><\/div><\/div><\/div><div class=\"fusion-clearfix\"><\/div><\/div>\n<\/article>\n<article id=\"blog-1-post-4620\" class=\"fusion-post-grid post-4620 post type-post status-publish format-standard has-post-thumbnail hentry category-projekte category-gewerbliche-nutzung\">\n<div class=\"fusion-post-wrapper\" style=\"background-color:rgba(255,255,255,0);border:1px solid #ebeaea;border-bottom-width:3px;\">\n\n\t\t\t<div class=\"fusion-flexslider flexslider fusion-flexslider-loading fusion-post-slideshow\" style=\"border-color:#ebeaea;\">\n\t\t<ul class=\"slides\">\n\t\t\t\n\t\t\t\t\t\t\t\t\t\t\t\t\t\t<li><div  class=\"fusion-image-wrapper\" aria-haspopup=\"true\">\n\t\t\t\t<img decoding=\"async\" width=\"2048\" height=\"1366\" src=\"https:\/\/www.trecolore.at\/architects\/wp-content\/uploads\/2025\/03\/Hasslacher-Preding-Holzindustrie_Architektur-005.webp\" class=\"attachment-full size-full lazyload wp-post-image\" alt=\"\" srcset=\"data:image\/svg+xml,%3Csvg%20xmlns%3D%27http%3A%2F%2Fwww.w3.org%2F2000%2Fsvg%27%20width%3D%272048%27%20height%3D%271366%27%20viewBox%3D%270%200%202048%201366%27%3E%3Crect%20width%3D%272048%27%20height%3D%271366%27%20fill-opacity%3D%220%22%2F%3E%3C%2Fsvg%3E\" data-orig-src=\"https:\/\/www.trecolore.at\/architects\/wp-content\/uploads\/2025\/03\/Hasslacher-Preding-Holzindustrie_Architektur-005.webp\" data-srcset=\"https:\/\/www.trecolore.at\/architects\/wp-content\/uploads\/2025\/03\/Hasslacher-Preding-Holzindustrie_Architektur-005-200x133.webp 200w, https:\/\/www.trecolore.at\/architects\/wp-content\/uploads\/2025\/03\/Hasslacher-Preding-Holzindustrie_Architektur-005-400x267.webp 400w, https:\/\/www.trecolore.at\/architects\/wp-content\/uploads\/2025\/03\/Hasslacher-Preding-Holzindustrie_Architektur-005-600x400.webp 600w, https:\/\/www.trecolore.at\/architects\/wp-content\/uploads\/2025\/03\/Hasslacher-Preding-Holzindustrie_Architektur-005-800x534.webp 800w, https:\/\/www.trecolore.at\/architects\/wp-content\/uploads\/2025\/03\/Hasslacher-Preding-Holzindustrie_Architektur-005-1200x800.webp 1200w, https:\/\/www.trecolore.at\/architects\/wp-content\/uploads\/2025\/03\/Hasslacher-Preding-Holzindustrie_Architektur-005.webp 2048w\" data-sizes=\"auto\" \/><div class=\"fusion-rollover\">\n\t<div class=\"fusion-rollover-content\">\n\n\t\t\t\t\t\t\t\t\t\t\t\t\t\t<a class=\"fusion-rollover-link\" href=\"https:\/\/www.trecolore.at\/architects\/hasslacher-preding-holzindustrie\/\">Hasslacher Preding Holzindustrie<\/a>\n\t\t\t\n\t\t\t\t\t\t\t\t\n\t\t\n\t\t\t\t\t\t\t\t\n\t\t\t\t\t\t\t\t\n\t\t\n\t\t\t\t\t\t<a class=\"fusion-link-wrapper\" href=\"https:\/\/www.trecolore.at\/architects\/hasslacher-preding-holzindustrie\/\" aria-label=\"Hasslacher Preding Holzindustrie\"><\/a>\n\t<\/div>\n<\/div>\n<\/div>\n<\/li>\n\t\t\t\n\t\t\t\n\t\t\t\t\t\t\t\t\t\t\t\t\t\t\t\t\t\t\t\t\t\t\t\t\t\t\t\t\t\t\t\t\t\t\t\t\t\t\t\t\t\t\t\t\t\t\t\t\t\t\t\t\t\t\t\t\t\t\t\t\t\t\t\t\t\t\t\t<\/ul>\n\t<\/div>\n\t<div class=\"fusion-post-content-wrapper\" style=\"padding:30px 25px 20px 25px;\"><div class=\"fusion-post-content post-content\"><h2 class=\"blog-shortcode-post-title entry-title\"><a href=\"https:\/\/www.trecolore.at\/architects\/hasslacher-preding-holzindustrie\/\">Hasslacher Preding Holzindustrie<\/a><\/h2><div class=\"fusion-post-content-container\"><p> Hasslacher Preding Holzindustrie B\u00fcro- und Verwaltungsgeb\u00e4ude     Auftrag: Masterplan Firmenareal, Generalplanung B\u00fcro- und Verwaltungsgeb\u00e4ude Auftraggeber \/ [...]<\/p><\/div><\/div><\/div><div class=\"fusion-clearfix\"><\/div><\/div>\n<\/article>\n<article id=\"blog-1-post-4521\" class=\"fusion-post-grid post-4521 post type-post status-publish format-standard has-post-thumbnail hentry category-gewerbliche-nutzung category-wohnbau\">\n<div class=\"fusion-post-wrapper\" style=\"background-color:rgba(255,255,255,0);border:1px solid #ebeaea;border-bottom-width:3px;\">\n\n\t\t\t<div class=\"fusion-flexslider flexslider fusion-flexslider-loading fusion-post-slideshow\" style=\"border-color:#ebeaea;\">\n\t\t<ul class=\"slides\">\n\t\t\t\n\t\t\t\t\t\t\t\t\t\t\t\t\t\t<li><div  class=\"fusion-image-wrapper\" aria-haspopup=\"true\">\n\t\t\t\t<img decoding=\"async\" width=\"2048\" height=\"1365\" src=\"https:\/\/www.trecolore.at\/architects\/wp-content\/uploads\/2024\/09\/WA-Lieserrain_01.webp\" class=\"attachment-full size-full lazyload wp-post-image\" alt=\"\" srcset=\"data:image\/svg+xml,%3Csvg%20xmlns%3D%27http%3A%2F%2Fwww.w3.org%2F2000%2Fsvg%27%20width%3D%272048%27%20height%3D%271365%27%20viewBox%3D%270%200%202048%201365%27%3E%3Crect%20width%3D%272048%27%20height%3D%271365%27%20fill-opacity%3D%220%22%2F%3E%3C%2Fsvg%3E\" data-orig-src=\"https:\/\/www.trecolore.at\/architects\/wp-content\/uploads\/2024\/09\/WA-Lieserrain_01.webp\" data-srcset=\"https:\/\/www.trecolore.at\/architects\/wp-content\/uploads\/2024\/09\/WA-Lieserrain_01-200x133.webp 200w, https:\/\/www.trecolore.at\/architects\/wp-content\/uploads\/2024\/09\/WA-Lieserrain_01-400x267.webp 400w, https:\/\/www.trecolore.at\/architects\/wp-content\/uploads\/2024\/09\/WA-Lieserrain_01-600x400.webp 600w, https:\/\/www.trecolore.at\/architects\/wp-content\/uploads\/2024\/09\/WA-Lieserrain_01-800x533.webp 800w, https:\/\/www.trecolore.at\/architects\/wp-content\/uploads\/2024\/09\/WA-Lieserrain_01-1200x800.webp 1200w, https:\/\/www.trecolore.at\/architects\/wp-content\/uploads\/2024\/09\/WA-Lieserrain_01.webp 2048w\" data-sizes=\"auto\" \/><div class=\"fusion-rollover\">\n\t<div class=\"fusion-rollover-content\">\n\n\t\t\t\t\t\t\t\t\t\t\t\t\t\t<a class=\"fusion-rollover-link\" href=\"https:\/\/www.trecolore.at\/architects\/wohnanlage-lieserrain\/\">Wohnanlage Lieserrain Spittal \/ Drau<\/a>\n\t\t\t\n\t\t\t\t\t\t\t\t\n\t\t\n\t\t\t\t\t\t\t\t\n\t\t\t\t\t\t\t\t\n\t\t\n\t\t\t\t\t\t<a class=\"fusion-link-wrapper\" href=\"https:\/\/www.trecolore.at\/architects\/wohnanlage-lieserrain\/\" aria-label=\"Wohnanlage Lieserrain Spittal \/ Drau\"><\/a>\n\t<\/div>\n<\/div>\n<\/div>\n<\/li>\n\t\t\t\n\t\t\t\n\t\t\t\t\t\t\t\t\t\t\t\t\t\t\t\t\t\t\t\t\t\t\t\t\t\t\t\t\t\t\t\t\t\t\t\t\t\t\t\t\t\t\t\t\t\t\t\t\t\t\t\t\t\t\t\t\t\t\t\t\t\t\t\t\t\t\t\t<\/ul>\n\t<\/div>\n\t<div class=\"fusion-post-content-wrapper\" style=\"padding:30px 25px 20px 25px;\"><div class=\"fusion-post-content post-content\"><h2 class=\"blog-shortcode-post-title entry-title\"><a href=\"https:\/\/www.trecolore.at\/architects\/wohnanlage-lieserrain\/\">Wohnanlage Lieserrain Spittal \/ Drau<\/a><\/h2><div class=\"fusion-post-content-container\"><p> Wohnanlage Lieserrain \/ Spittal an der Drau   Auftrag: Generalplanung Auftraggeber \/ Bautr\u00e4ger: Regger Immobilien  Grundst\u00fcck: ca. [...]<\/p><\/div><\/div><\/div><div class=\"fusion-clearfix\"><\/div><\/div>\n<\/article>\n<article id=\"blog-1-post-3997\" class=\"fusion-post-grid post-3997 post type-post status-publish format-standard has-post-thumbnail hentry category-gewerbliche-nutzung\">\n<div class=\"fusion-post-wrapper\" style=\"background-color:rgba(255,255,255,0);border:1px solid #ebeaea;border-bottom-width:3px;\">\n\n\t\t\t<div class=\"fusion-flexslider flexslider fusion-flexslider-loading fusion-post-slideshow\" style=\"border-color:#ebeaea;\">\n\t\t<ul class=\"slides\">\n\t\t\t\n\t\t\t\t\t\t\t\t\t\t\t\t\t\t<li><div  class=\"fusion-image-wrapper\" aria-haspopup=\"true\">\n\t\t\t\t<img decoding=\"async\" width=\"1920\" height=\"1280\" src=\"https:\/\/www.trecolore.at\/architects\/wp-content\/uploads\/2023\/10\/am-corso-velden_01.webp\" class=\"attachment-full size-full lazyload wp-post-image\" alt=\"\" srcset=\"data:image\/svg+xml,%3Csvg%20xmlns%3D%27http%3A%2F%2Fwww.w3.org%2F2000%2Fsvg%27%20width%3D%271920%27%20height%3D%271280%27%20viewBox%3D%270%200%201920%201280%27%3E%3Crect%20width%3D%271920%27%20height%3D%271280%27%20fill-opacity%3D%220%22%2F%3E%3C%2Fsvg%3E\" data-orig-src=\"https:\/\/www.trecolore.at\/architects\/wp-content\/uploads\/2023\/10\/am-corso-velden_01.webp\" data-srcset=\"https:\/\/www.trecolore.at\/architects\/wp-content\/uploads\/2023\/10\/am-corso-velden_01-200x133.webp 200w, https:\/\/www.trecolore.at\/architects\/wp-content\/uploads\/2023\/10\/am-corso-velden_01-400x267.webp 400w, https:\/\/www.trecolore.at\/architects\/wp-content\/uploads\/2023\/10\/am-corso-velden_01-600x400.webp 600w, https:\/\/www.trecolore.at\/architects\/wp-content\/uploads\/2023\/10\/am-corso-velden_01-800x533.webp 800w, https:\/\/www.trecolore.at\/architects\/wp-content\/uploads\/2023\/10\/am-corso-velden_01-1200x800.webp 1200w, https:\/\/www.trecolore.at\/architects\/wp-content\/uploads\/2023\/10\/am-corso-velden_01.webp 1920w\" data-sizes=\"auto\" \/><div class=\"fusion-rollover\">\n\t<div class=\"fusion-rollover-content\">\n\n\t\t\t\t\t\t\t\t\t\t\t\t\t\t<a class=\"fusion-rollover-link\" href=\"https:\/\/www.trecolore.at\/architects\/wettbewerb-am-corso-velden\/\">Wettbewerbserfolg: Am Corso Velden<\/a>\n\t\t\t\n\t\t\t\t\t\t\t\t\n\t\t\n\t\t\t\t\t\t\t\t\n\t\t\t\t\t\t\t\t\n\t\t\n\t\t\t\t\t\t<a class=\"fusion-link-wrapper\" href=\"https:\/\/www.trecolore.at\/architects\/wettbewerb-am-corso-velden\/\" aria-label=\"Wettbewerbserfolg: Am Corso Velden\"><\/a>\n\t<\/div>\n<\/div>\n<\/div>\n<\/li>\n\t\t\t\n\t\t\t\n\t\t\t\t\t\t\t\t\t\t\t\t\t\t\t\t\t\t\t\t\t\t\t\t\t\t\t\t\t\t\t\t\t\t\t\t\t\t\t\t\t\t\t\t\t\t\t\t\t\t\t\t\t\t\t\t\t\t\t\t\t\t\t\t\t\t\t\t<\/ul>\n\t<\/div>\n\t<div class=\"fusion-post-content-wrapper\" style=\"padding:30px 25px 20px 25px;\"><div class=\"fusion-post-content post-content\"><h2 class=\"blog-shortcode-post-title entry-title\"><a href=\"https:\/\/www.trecolore.at\/architects\/wettbewerb-am-corso-velden\/\">Wettbewerbserfolg: Am Corso Velden<\/a><\/h2><div class=\"fusion-post-content-container\"><p><\/p><p> Am Corso 1 \u2013 3\u00a0 \/ Velden am W\u00f6rthersee   Auftrag: geladener Architekturwettbewerb mit angeschlossenem Verhandlungsverfahren Auslober: AC3 [...]<\/p><\/div><\/div><\/div><div class=\"fusion-clearfix\"><\/div><\/div>\n<\/article>\n<article id=\"blog-1-post-4002\" class=\"fusion-post-grid post-4002 post type-post status-publish format-standard has-post-thumbnail hentry category-wohnbau\">\n<div class=\"fusion-post-wrapper\" style=\"background-color:rgba(255,255,255,0);border:1px solid #ebeaea;border-bottom-width:3px;\">\n\n\t\t\t<div class=\"fusion-flexslider flexslider fusion-flexslider-loading fusion-post-slideshow\" style=\"border-color:#ebeaea;\">\n\t\t<ul class=\"slides\">\n\t\t\t\n\t\t\t\t\t\t\t\t\t\t\t\t\t\t<li><div  class=\"fusion-image-wrapper\" aria-haspopup=\"true\">\n\t\t\t\t<img decoding=\"async\" width=\"2048\" height=\"1365\" src=\"https:\/\/www.trecolore.at\/architects\/wp-content\/uploads\/2023\/10\/Lebenswert-Seeboden-01.jpg\" class=\"attachment-full size-full lazyload wp-post-image\" alt=\"\" srcset=\"data:image\/svg+xml,%3Csvg%20xmlns%3D%27http%3A%2F%2Fwww.w3.org%2F2000%2Fsvg%27%20width%3D%272048%27%20height%3D%271365%27%20viewBox%3D%270%200%202048%201365%27%3E%3Crect%20width%3D%272048%27%20height%3D%271365%27%20fill-opacity%3D%220%22%2F%3E%3C%2Fsvg%3E\" data-orig-src=\"https:\/\/www.trecolore.at\/architects\/wp-content\/uploads\/2023\/10\/Lebenswert-Seeboden-01.jpg\" data-srcset=\"https:\/\/www.trecolore.at\/architects\/wp-content\/uploads\/2023\/10\/Lebenswert-Seeboden-01-200x133.jpg 200w, https:\/\/www.trecolore.at\/architects\/wp-content\/uploads\/2023\/10\/Lebenswert-Seeboden-01-400x267.jpg 400w, https:\/\/www.trecolore.at\/architects\/wp-content\/uploads\/2023\/10\/Lebenswert-Seeboden-01-600x400.jpg 600w, https:\/\/www.trecolore.at\/architects\/wp-content\/uploads\/2023\/10\/Lebenswert-Seeboden-01-800x533.jpg 800w, https:\/\/www.trecolore.at\/architects\/wp-content\/uploads\/2023\/10\/Lebenswert-Seeboden-01-1200x800.jpg 1200w, https:\/\/www.trecolore.at\/architects\/wp-content\/uploads\/2023\/10\/Lebenswert-Seeboden-01.jpg 2048w\" data-sizes=\"auto\" \/><div class=\"fusion-rollover\">\n\t<div class=\"fusion-rollover-content\">\n\n\t\t\t\t\t\t\t\t\t\t\t\t\t\t<a class=\"fusion-rollover-link\" href=\"https:\/\/www.trecolore.at\/architects\/wohnanlage-lebenswert\/\">Wohnanlage Lebenswert Seeboden<\/a>\n\t\t\t\n\t\t\t\t\t\t\t\t\n\t\t\n\t\t\t\t\t\t\t\t\n\t\t\t\t\t\t\t\t\n\t\t\n\t\t\t\t\t\t<a class=\"fusion-link-wrapper\" href=\"https:\/\/www.trecolore.at\/architects\/wohnanlage-lebenswert\/\" aria-label=\"Wohnanlage Lebenswert Seeboden\"><\/a>\n\t<\/div>\n<\/div>\n<\/div>\n<\/li>\n\t\t\t\n\t\t\t\n\t\t\t\t\t\t\t\t\t\t\t\t\t\t\t\t\t\t\t\t\t\t\t\t\t\t\t\t\t\t\t\t\t\t\t\t\t\t\t\t\t\t\t\t\t\t\t\t\t\t\t\t\t\t\t\t\t\t\t\t\t\t\t\t\t\t\t\t<\/ul>\n\t<\/div>\n\t<div class=\"fusion-post-content-wrapper\" style=\"padding:30px 25px 20px 25px;\"><div class=\"fusion-post-content post-content\"><h2 class=\"blog-shortcode-post-title entry-title\"><a href=\"https:\/\/www.trecolore.at\/architects\/wohnanlage-lebenswert\/\">Wohnanlage Lebenswert Seeboden<\/a><\/h2><div class=\"fusion-post-content-container\"><p> Wohnanlage Lebenswert Seeboden   Auftrag: Generalplanung Auftraggeber \/ Bautr\u00e4ger: Regger Immobilien  Grundst\u00fcck: ca. 7.072 m\u00b2\u00a0 |\u00a0 Bruttogeschossfl\u00e4che: [...]<\/p><\/div><\/div><\/div><div class=\"fusion-clearfix\"><\/div><\/div>\n<\/article>\n<article id=\"blog-1-post-4070\" class=\"fusion-post-grid post-4070 post type-post status-publish format-standard has-post-thumbnail hentry category-gewerbliche-nutzung category-wohnbau\">\n<div class=\"fusion-post-wrapper\" style=\"background-color:rgba(255,255,255,0);border:1px solid #ebeaea;border-bottom-width:3px;\">\n\n\t\t\t<div class=\"fusion-flexslider flexslider fusion-flexslider-loading fusion-post-slideshow\" style=\"border-color:#ebeaea;\">\n\t\t<ul class=\"slides\">\n\t\t\t\n\t\t\t\t\t\t\t\t\t\t\t\t\t\t<li><div  class=\"fusion-image-wrapper\" aria-haspopup=\"true\">\n\t\t\t\t<img decoding=\"async\" width=\"2048\" height=\"1366\" src=\"https:\/\/www.trecolore.at\/architects\/wp-content\/uploads\/2023\/10\/bella-vista-1_architektur_02.jpg\" class=\"attachment-full size-full lazyload wp-post-image\" alt=\"\" srcset=\"data:image\/svg+xml,%3Csvg%20xmlns%3D%27http%3A%2F%2Fwww.w3.org%2F2000%2Fsvg%27%20width%3D%272048%27%20height%3D%271366%27%20viewBox%3D%270%200%202048%201366%27%3E%3Crect%20width%3D%272048%27%20height%3D%271366%27%20fill-opacity%3D%220%22%2F%3E%3C%2Fsvg%3E\" data-orig-src=\"https:\/\/www.trecolore.at\/architects\/wp-content\/uploads\/2023\/10\/bella-vista-1_architektur_02.jpg\" data-srcset=\"https:\/\/www.trecolore.at\/architects\/wp-content\/uploads\/2023\/10\/bella-vista-1_architektur_02-200x133.jpg 200w, https:\/\/www.trecolore.at\/architects\/wp-content\/uploads\/2023\/10\/bella-vista-1_architektur_02-400x267.jpg 400w, https:\/\/www.trecolore.at\/architects\/wp-content\/uploads\/2023\/10\/bella-vista-1_architektur_02-600x400.jpg 600w, https:\/\/www.trecolore.at\/architects\/wp-content\/uploads\/2023\/10\/bella-vista-1_architektur_02-800x534.jpg 800w, https:\/\/www.trecolore.at\/architects\/wp-content\/uploads\/2023\/10\/bella-vista-1_architektur_02-1200x800.jpg 1200w, https:\/\/www.trecolore.at\/architects\/wp-content\/uploads\/2023\/10\/bella-vista-1_architektur_02.jpg 2048w\" data-sizes=\"auto\" \/><div class=\"fusion-rollover\">\n\t<div class=\"fusion-rollover-content\">\n\n\t\t\t\t\t\t\t\t\t\t\t\t\t\t<a class=\"fusion-rollover-link\" href=\"https:\/\/www.trecolore.at\/architects\/bella-vista-residenzen-annenheim\/\">Bella Vista Residenzen Annenheim<\/a>\n\t\t\t\n\t\t\t\t\t\t\t\t\n\t\t\n\t\t\t\t\t\t\t\t\n\t\t\t\t\t\t\t\t\n\t\t\n\t\t\t\t\t\t<a class=\"fusion-link-wrapper\" href=\"https:\/\/www.trecolore.at\/architects\/bella-vista-residenzen-annenheim\/\" aria-label=\"Bella Vista Residenzen Annenheim\"><\/a>\n\t<\/div>\n<\/div>\n<\/div>\n<\/li>\n\t\t\t\n\t\t\t\n\t\t\t\t\t\t\t\t\t\t\t\t\t\t\t\t\t\t\t\t\t\t\t\t\t\t\t\t\t\t\t\t\t\t\t\t\t\t\t\t\t\t\t\t\t\t\t\t\t\t\t\t\t\t\t\t\t\t\t\t\t\t\t\t\t\t\t\t<\/ul>\n\t<\/div>\n\t<div class=\"fusion-post-content-wrapper\" style=\"padding:30px 25px 20px 25px;\"><div class=\"fusion-post-content post-content\"><h2 class=\"blog-shortcode-post-title entry-title\"><a href=\"https:\/\/www.trecolore.at\/architects\/bella-vista-residenzen-annenheim\/\">Bella Vista Residenzen Annenheim<\/a><\/h2><div class=\"fusion-post-content-container\"><p> Bella Vista Residenzen Annenheim   Eigenprojekt: Projektentwicklung, Generalplanung und Realisierung Auftraggeber \/ Bautr\u00e4ger: Trecolore Real  Grundst\u00fcck: ca. [...]<\/p><\/div><\/div><\/div><div class=\"fusion-clearfix\"><\/div><\/div>\n<\/article>\n<article id=\"blog-1-post-3834\" class=\"fusion-post-grid post-3834 post type-post status-publish format-standard has-post-thumbnail hentry category-wohnbau\">\n<div class=\"fusion-post-wrapper\" style=\"background-color:rgba(255,255,255,0);border:1px solid #ebeaea;border-bottom-width:3px;\">\n\n\t\t\t<div class=\"fusion-flexslider flexslider fusion-flexslider-loading fusion-post-slideshow\" style=\"border-color:#ebeaea;\">\n\t\t<ul class=\"slides\">\n\t\t\t\n\t\t\t\t\t\t\t\t\t\t\t\t\t\t<li><div  class=\"fusion-image-wrapper\" aria-haspopup=\"true\">\n\t\t\t\t<img decoding=\"async\" width=\"2048\" height=\"1365\" src=\"https:\/\/www.trecolore.at\/architects\/wp-content\/uploads\/2023\/10\/Q1-Villach-St-Martin_cover.jpg\" class=\"attachment-full size-full lazyload wp-post-image\" alt=\"\" srcset=\"data:image\/svg+xml,%3Csvg%20xmlns%3D%27http%3A%2F%2Fwww.w3.org%2F2000%2Fsvg%27%20width%3D%272048%27%20height%3D%271365%27%20viewBox%3D%270%200%202048%201365%27%3E%3Crect%20width%3D%272048%27%20height%3D%271365%27%20fill-opacity%3D%220%22%2F%3E%3C%2Fsvg%3E\" data-orig-src=\"https:\/\/www.trecolore.at\/architects\/wp-content\/uploads\/2023\/10\/Q1-Villach-St-Martin_cover.jpg\" data-srcset=\"https:\/\/www.trecolore.at\/architects\/wp-content\/uploads\/2023\/10\/Q1-Villach-St-Martin_cover-200x133.jpg 200w, https:\/\/www.trecolore.at\/architects\/wp-content\/uploads\/2023\/10\/Q1-Villach-St-Martin_cover-400x267.jpg 400w, https:\/\/www.trecolore.at\/architects\/wp-content\/uploads\/2023\/10\/Q1-Villach-St-Martin_cover-600x400.jpg 600w, https:\/\/www.trecolore.at\/architects\/wp-content\/uploads\/2023\/10\/Q1-Villach-St-Martin_cover-800x533.jpg 800w, https:\/\/www.trecolore.at\/architects\/wp-content\/uploads\/2023\/10\/Q1-Villach-St-Martin_cover-1200x800.jpg 1200w, https:\/\/www.trecolore.at\/architects\/wp-content\/uploads\/2023\/10\/Q1-Villach-St-Martin_cover.jpg 2048w\" data-sizes=\"auto\" \/><div class=\"fusion-rollover\">\n\t<div class=\"fusion-rollover-content\">\n\n\t\t\t\t\t\t\t\t\t\t\t\t\t\t<a class=\"fusion-rollover-link\" href=\"https:\/\/www.trecolore.at\/architects\/q1-villach-st-martin\/\">Wohnanlage Q1 Villach &#8211; St. Martin<\/a>\n\t\t\t\n\t\t\t\t\t\t\t\t\n\t\t\n\t\t\t\t\t\t\t\t\n\t\t\t\t\t\t\t\t\n\t\t\n\t\t\t\t\t\t<a class=\"fusion-link-wrapper\" href=\"https:\/\/www.trecolore.at\/architects\/q1-villach-st-martin\/\" aria-label=\"Wohnanlage Q1 Villach &#8211; St. Martin\"><\/a>\n\t<\/div>\n<\/div>\n<\/div>\n<\/li>\n\t\t\t\n\t\t\t\n\t\t\t\t\t\t\t\t\t\t\t\t\t\t\t\t\t\t\t\t\t\t\t\t\t\t\t\t\t\t\t\t\t\t\t\t\t\t\t\t\t\t\t\t\t\t\t\t\t\t\t\t\t\t\t\t\t\t\t\t\t\t\t\t\t\t\t\t<\/ul>\n\t<\/div>\n\t<div class=\"fusion-post-content-wrapper\" style=\"padding:30px 25px 20px 25px;\"><div class=\"fusion-post-content post-content\"><h2 class=\"blog-shortcode-post-title entry-title\"><a href=\"https:\/\/www.trecolore.at\/architects\/q1-villach-st-martin\/\">Wohnanlage Q1 Villach &#8211; St. Martin<\/a><\/h2><div class=\"fusion-post-content-container\"><p> Q1 Wohnanlage Villach - St. Martin  Auftrag: Projektentwicklung, Generalplanung  Auftraggeber \/ Bautr\u00e4ger: Franzmaier Development Group  Grundst\u00fcck: [...]<\/p><\/div><\/div><\/div><div class=\"fusion-clearfix\"><\/div><\/div>\n<\/article>\n<article id=\"blog-1-post-66\" class=\"fusion-post-grid post-66 post type-post status-publish format-standard has-post-thumbnail hentry category-gewerbliche-nutzung\">\n<div class=\"fusion-post-wrapper\" style=\"background-color:rgba(255,255,255,0);border:1px solid #ebeaea;border-bottom-width:3px;\">\n\n\t\t\t<div class=\"fusion-flexslider flexslider fusion-flexslider-loading fusion-post-slideshow\" style=\"border-color:#ebeaea;\">\n\t\t<ul class=\"slides\">\n\t\t\t\n\t\t\t\t\t\t\t\t\t\t\t\t\t\t<li><div  class=\"fusion-image-wrapper\" aria-haspopup=\"true\">\n\t\t\t\t<img decoding=\"async\" width=\"2048\" height=\"1365\" src=\"https:\/\/www.trecolore.at\/architects\/wp-content\/uploads\/2023\/04\/Trecolore-Design-Center-Annenheim_01.jpg\" class=\"attachment-full size-full lazyload wp-post-image\" alt=\"\" srcset=\"data:image\/svg+xml,%3Csvg%20xmlns%3D%27http%3A%2F%2Fwww.w3.org%2F2000%2Fsvg%27%20width%3D%272048%27%20height%3D%271365%27%20viewBox%3D%270%200%202048%201365%27%3E%3Crect%20width%3D%272048%27%20height%3D%271365%27%20fill-opacity%3D%220%22%2F%3E%3C%2Fsvg%3E\" data-orig-src=\"https:\/\/www.trecolore.at\/architects\/wp-content\/uploads\/2023\/04\/Trecolore-Design-Center-Annenheim_01.jpg\" data-srcset=\"https:\/\/www.trecolore.at\/architects\/wp-content\/uploads\/2023\/04\/Trecolore-Design-Center-Annenheim_01-200x133.jpg 200w, https:\/\/www.trecolore.at\/architects\/wp-content\/uploads\/2023\/04\/Trecolore-Design-Center-Annenheim_01-400x267.jpg 400w, https:\/\/www.trecolore.at\/architects\/wp-content\/uploads\/2023\/04\/Trecolore-Design-Center-Annenheim_01-600x400.jpg 600w, https:\/\/www.trecolore.at\/architects\/wp-content\/uploads\/2023\/04\/Trecolore-Design-Center-Annenheim_01-800x533.jpg 800w, https:\/\/www.trecolore.at\/architects\/wp-content\/uploads\/2023\/04\/Trecolore-Design-Center-Annenheim_01-1200x800.jpg 1200w, https:\/\/www.trecolore.at\/architects\/wp-content\/uploads\/2023\/04\/Trecolore-Design-Center-Annenheim_01.jpg 2048w\" data-sizes=\"auto\" \/><div class=\"fusion-rollover\">\n\t<div class=\"fusion-rollover-content\">\n\n\t\t\t\t\t\t\t\t\t\t\t\t\t\t<a class=\"fusion-rollover-link\" href=\"https:\/\/www.trecolore.at\/architects\/trecolore-design-center\/\">Trecolore Design Center<\/a>\n\t\t\t\n\t\t\t\t\t\t\t\t\n\t\t\n\t\t\t\t\t\t\t\t\n\t\t\t\t\t\t\t\t\n\t\t\n\t\t\t\t\t\t<a class=\"fusion-link-wrapper\" href=\"https:\/\/www.trecolore.at\/architects\/trecolore-design-center\/\" aria-label=\"Trecolore Design Center\"><\/a>\n\t<\/div>\n<\/div>\n<\/div>\n<\/li>\n\t\t\t\n\t\t\t\n\t\t\t\t\t\t\t\t\t\t\t\t\t\t\t\t\t\t\t\t\t\t\t\t\t\t\t\t\t\t\t\t\t\t\t\t\t\t\t\t\t\t\t\t\t\t\t\t\t\t\t\t\t\t\t\t\t\t\t\t\t\t\t\t\t\t\t\t<\/ul>\n\t<\/div>\n\t<div class=\"fusion-post-content-wrapper\" style=\"padding:30px 25px 20px 25px;\"><div class=\"fusion-post-content post-content\"><h2 class=\"blog-shortcode-post-title entry-title\"><a href=\"https:\/\/www.trecolore.at\/architects\/trecolore-design-center\/\">Trecolore Design Center<\/a><\/h2><div class=\"fusion-post-content-container\"><p> Trecolore Design Center   Auftrag: Projektentwicklung, Generalplanung Auftraggeber: Eigenprojekt  Grundst\u00fcck: ca. 1.172 m\u00b2\u00a0 |\u00a0 Bruttogeschossfl\u00e4che: ca. 584 [...]<\/p><\/div><\/div><\/div><div class=\"fusion-clearfix\"><\/div><\/div>\n<\/article>\n<article id=\"blog-1-post-3200\" class=\"fusion-post-grid post-3200 post type-post status-publish format-standard has-post-thumbnail hentry category-wohnbau\">\n<div class=\"fusion-post-wrapper\" style=\"background-color:rgba(255,255,255,0);border:1px solid #ebeaea;border-bottom-width:3px;\">\n\n\t\t\t<div class=\"fusion-flexslider flexslider fusion-flexslider-loading fusion-post-slideshow\" style=\"border-color:#ebeaea;\">\n\t\t<ul class=\"slides\">\n\t\t\t\n\t\t\t\t\t\t\t\t\t\t\t\t\t\t<li><div  class=\"fusion-image-wrapper\" aria-haspopup=\"true\">\n\t\t\t\t<img decoding=\"async\" width=\"1920\" height=\"1281\" src=\"https:\/\/www.trecolore.at\/architects\/wp-content\/uploads\/2021\/09\/wa-anthelia_\u00a9trecolore_001.jpg\" class=\"attachment-full size-full lazyload wp-post-image\" alt=\"\" srcset=\"data:image\/svg+xml,%3Csvg%20xmlns%3D%27http%3A%2F%2Fwww.w3.org%2F2000%2Fsvg%27%20width%3D%271920%27%20height%3D%271281%27%20viewBox%3D%270%200%201920%201281%27%3E%3Crect%20width%3D%271920%27%20height%3D%271281%27%20fill-opacity%3D%220%22%2F%3E%3C%2Fsvg%3E\" data-orig-src=\"https:\/\/www.trecolore.at\/architects\/wp-content\/uploads\/2021\/09\/wa-anthelia_\u00a9trecolore_001.jpg\" data-srcset=\"https:\/\/www.trecolore.at\/architects\/wp-content\/uploads\/2021\/09\/wa-anthelia_\u00a9trecolore_001-200x133.jpg 200w, https:\/\/www.trecolore.at\/architects\/wp-content\/uploads\/2021\/09\/wa-anthelia_\u00a9trecolore_001-400x267.jpg 400w, https:\/\/www.trecolore.at\/architects\/wp-content\/uploads\/2021\/09\/wa-anthelia_\u00a9trecolore_001-600x400.jpg 600w, https:\/\/www.trecolore.at\/architects\/wp-content\/uploads\/2021\/09\/wa-anthelia_\u00a9trecolore_001-800x534.jpg 800w, https:\/\/www.trecolore.at\/architects\/wp-content\/uploads\/2021\/09\/wa-anthelia_\u00a9trecolore_001-1200x801.jpg 1200w, https:\/\/www.trecolore.at\/architects\/wp-content\/uploads\/2021\/09\/wa-anthelia_\u00a9trecolore_001.jpg 1920w\" data-sizes=\"auto\" \/><div class=\"fusion-rollover\">\n\t<div class=\"fusion-rollover-content\">\n\n\t\t\t\t\t\t\t\t\t\t\t\t\t\t<a class=\"fusion-rollover-link\" href=\"https:\/\/www.trecolore.at\/architects\/wohnanlage-anthelia\/\">Wohnanlage Anthelia<\/a>\n\t\t\t\n\t\t\t\t\t\t\t\t\n\t\t\n\t\t\t\t\t\t\t\t\n\t\t\t\t\t\t\t\t\n\t\t\n\t\t\t\t\t\t<a class=\"fusion-link-wrapper\" href=\"https:\/\/www.trecolore.at\/architects\/wohnanlage-anthelia\/\" aria-label=\"Wohnanlage Anthelia\"><\/a>\n\t<\/div>\n<\/div>\n<\/div>\n<\/li>\n\t\t\t\n\t\t\t\n\t\t\t\t\t\t\t\t\t\t\t\t\t\t\t\t\t\t\t\t\t\t\t\t\t\t\t\t\t\t\t\t\t\t\t\t\t\t\t\t\t\t\t\t\t\t\t\t\t\t\t\t\t\t\t\t\t\t\t\t\t\t\t\t\t\t\t\t<\/ul>\n\t<\/div>\n\t<div class=\"fusion-post-content-wrapper\" style=\"padding:30px 25px 20px 25px;\"><div class=\"fusion-post-content post-content\"><h2 class=\"blog-shortcode-post-title entry-title\"><a href=\"https:\/\/www.trecolore.at\/architects\/wohnanlage-anthelia\/\">Wohnanlage Anthelia<\/a><\/h2><div class=\"fusion-post-content-container\"><p> Wohnanlage Anthelia   Auftrag: Projektentwicklung, Generalplanung Auftraggeber \/ Bautr\u00e4ger: Neue Heimat K\u00e4rnten GesmbH  Grundst\u00fcck: ca. 9.300 m\u00b2\u00a0 [...]<\/p><\/div><\/div><\/div><div class=\"fusion-clearfix\"><\/div><\/div>\n<\/article>\n<article id=\"blog-1-post-1833\" class=\"fusion-post-grid post-1833 post type-post status-publish format-standard has-post-thumbnail hentry category-gewerbliche-nutzung\">\n<div class=\"fusion-post-wrapper\" style=\"background-color:rgba(255,255,255,0);border:1px solid #ebeaea;border-bottom-width:3px;\">\n\n\t\t\t<div class=\"fusion-flexslider flexslider fusion-flexslider-loading fusion-post-slideshow\" style=\"border-color:#ebeaea;\">\n\t\t<ul class=\"slides\">\n\t\t\t\n\t\t\t\t\t\t\t\t\t\t\t\t\t\t<li><div  class=\"fusion-image-wrapper\" aria-haspopup=\"true\">\n\t\t\t\t<img decoding=\"async\" width=\"1920\" height=\"1280\" src=\"https:\/\/www.trecolore.at\/architects\/wp-content\/uploads\/2018\/03\/Neuer-Rathausmarkt-Spittal_\u00a9Trecolore_01.jpg\" class=\"attachment-full size-full lazyload wp-post-image\" alt=\"\" srcset=\"data:image\/svg+xml,%3Csvg%20xmlns%3D%27http%3A%2F%2Fwww.w3.org%2F2000%2Fsvg%27%20width%3D%271920%27%20height%3D%271280%27%20viewBox%3D%270%200%201920%201280%27%3E%3Crect%20width%3D%271920%27%20height%3D%271280%27%20fill-opacity%3D%220%22%2F%3E%3C%2Fsvg%3E\" data-orig-src=\"https:\/\/www.trecolore.at\/architects\/wp-content\/uploads\/2018\/03\/Neuer-Rathausmarkt-Spittal_\u00a9Trecolore_01.jpg\" data-srcset=\"https:\/\/www.trecolore.at\/architects\/wp-content\/uploads\/2018\/03\/Neuer-Rathausmarkt-Spittal_\u00a9Trecolore_01-200x133.jpg 200w, https:\/\/www.trecolore.at\/architects\/wp-content\/uploads\/2018\/03\/Neuer-Rathausmarkt-Spittal_\u00a9Trecolore_01-400x267.jpg 400w, https:\/\/www.trecolore.at\/architects\/wp-content\/uploads\/2018\/03\/Neuer-Rathausmarkt-Spittal_\u00a9Trecolore_01-600x400.jpg 600w, https:\/\/www.trecolore.at\/architects\/wp-content\/uploads\/2018\/03\/Neuer-Rathausmarkt-Spittal_\u00a9Trecolore_01-800x533.jpg 800w, https:\/\/www.trecolore.at\/architects\/wp-content\/uploads\/2018\/03\/Neuer-Rathausmarkt-Spittal_\u00a9Trecolore_01-1200x800.jpg 1200w, https:\/\/www.trecolore.at\/architects\/wp-content\/uploads\/2018\/03\/Neuer-Rathausmarkt-Spittal_\u00a9Trecolore_01.jpg 1920w\" data-sizes=\"auto\" \/><div class=\"fusion-rollover\">\n\t<div class=\"fusion-rollover-content\">\n\n\t\t\t\t\t\t\t\t\t\t\t\t\t\t<a class=\"fusion-rollover-link\" href=\"https:\/\/www.trecolore.at\/architects\/rathausmarkt-spittal\/\">Neuer Rathausmarkt Spittal an der Drau<\/a>\n\t\t\t\n\t\t\t\t\t\t\t\t\n\t\t\n\t\t\t\t\t\t\t\t\n\t\t\t\t\t\t\t\t\n\t\t\n\t\t\t\t\t\t<a class=\"fusion-link-wrapper\" href=\"https:\/\/www.trecolore.at\/architects\/rathausmarkt-spittal\/\" aria-label=\"Neuer Rathausmarkt Spittal an der Drau\"><\/a>\n\t<\/div>\n<\/div>\n<\/div>\n<\/li>\n\t\t\t\n\t\t\t\n\t\t\t\t\t\t\t\t\t\t\t\t\t\t\t\t\t\t\t\t\t\t\t\t\t\t\t\t\t\t\t\t\t\t\t\t\t\t\t\t\t\t\t\t\t\t\t\t\t\t\t\t\t\t\t\t\t\t\t\t\t\t\t\t\t\t\t\t<\/ul>\n\t<\/div>\n\t<div class=\"fusion-post-content-wrapper\" style=\"padding:30px 25px 20px 25px;\"><div class=\"fusion-post-content post-content\"><h2 class=\"blog-shortcode-post-title entry-title\"><a href=\"https:\/\/www.trecolore.at\/architects\/rathausmarkt-spittal\/\">Neuer Rathausmarkt Spittal an der Drau<\/a><\/h2><div class=\"fusion-post-content-container\"><p> Neuer Rathausmarkt Spittal an der Drau   Auftrag: Projektentwicklung, Generalplanung  Auftraggeber \/ Bautr\u00e4ger: Regger Immobilien  Grundst\u00fcck: [...]<\/p><\/div><\/div><\/div><div class=\"fusion-clearfix\"><\/div><\/div>\n<\/article>\n<article id=\"blog-1-post-2072\" class=\"fusion-post-grid post-2072 post type-post status-publish format-standard has-post-thumbnail hentry category-exhibition-design\">\n<div class=\"fusion-post-wrapper\" style=\"background-color:rgba(255,255,255,0);border:1px solid #ebeaea;border-bottom-width:3px;\">\n\n\t\t\t<div class=\"fusion-flexslider flexslider fusion-flexslider-loading fusion-post-slideshow\" style=\"border-color:#ebeaea;\">\n\t\t<ul class=\"slides\">\n\t\t\t\n\t\t\t\t\t\t\t\t\t\t\t\t\t\t<li><div  class=\"fusion-image-wrapper\" aria-haspopup=\"true\">\n\t\t\t\t<img decoding=\"async\" width=\"1600\" height=\"1110\" src=\"data:image\/svg+xml,%3Csvg%20xmlns%3D%27http%3A%2F%2Fwww.w3.org%2F2000%2Fsvg%27%20width%3D%271600%27%20height%3D%271110%27%20viewBox%3D%270%200%201600%201110%27%3E%3Crect%20width%3D%271600%27%20height%3D%271110%27%20fill-opacity%3D%220%22%2F%3E%3C%2Fsvg%3E\" class=\"attachment-full size-full lazyload wp-post-image\" alt=\"\" data-orig-src=\"https:\/\/www.trecolore.at\/architects\/wp-content\/uploads\/2018\/04\/180418_\u00a9Trecolore_TRA-Vienna-2018_001.jpg\" \/><div class=\"fusion-rollover\">\n\t<div class=\"fusion-rollover-content\">\n\n\t\t\t\t\t\t\t\t\t\t\t\t\t\t<a class=\"fusion-rollover-link\" href=\"https:\/\/www.trecolore.at\/architects\/tra-2018-vienna\/\">TRA 2018 Vienna<\/a>\n\t\t\t\n\t\t\t\t\t\t\t\t\n\t\t\n\t\t\t\t\t\t\t\t\n\t\t\t\t\t\t\t\t\n\t\t\n\t\t\t\t\t\t<a class=\"fusion-link-wrapper\" href=\"https:\/\/www.trecolore.at\/architects\/tra-2018-vienna\/\" aria-label=\"TRA 2018 Vienna\"><\/a>\n\t<\/div>\n<\/div>\n<\/div>\n<\/li>\n\t\t\t\n\t\t\t\n\t\t\t\t\t\t\t\t\t\t\t\t\t\t\t\t\t\t\t\t\t\t\t\t\t\t\t\t\t\t\t\t\t\t\t\t\t\t\t\t\t\t\t\t\t\t\t\t\t\t\t\t\t\t\t\t\t\t\t\t\t\t\t\t\t\t\t\t<\/ul>\n\t<\/div>\n\t<div class=\"fusion-post-content-wrapper\" style=\"padding:30px 25px 20px 25px;\"><div class=\"fusion-post-content post-content\"><h2 class=\"blog-shortcode-post-title entry-title\"><a href=\"https:\/\/www.trecolore.at\/architects\/tra-2018-vienna\/\">TRA 2018 Vienna<\/a><\/h2><div class=\"fusion-post-content-container\"><p><\/p><p>     Digitalisierung, Automatisierung und Dekarbonisierung sind wichtige Trends, die die Art, wie wir in Zukunft leben, [...]<\/p><\/div><\/div><\/div><div class=\"fusion-clearfix\"><\/div><\/div>\n<\/article>\n<article id=\"blog-1-post-2010\" class=\"fusion-post-grid post-2010 post type-post status-publish format-standard has-post-thumbnail hentry category-wohnraum\">\n<div class=\"fusion-post-wrapper\" style=\"background-color:rgba(255,255,255,0);border:1px solid #ebeaea;border-bottom-width:3px;\">\n\n\t\t\t<div class=\"fusion-flexslider flexslider fusion-flexslider-loading fusion-post-slideshow\" style=\"border-color:#ebeaea;\">\n\t\t<ul class=\"slides\">\n\t\t\t\n\t\t\t\t\t\t\t\t\t\t\t\t\t\t<li><div  class=\"fusion-image-wrapper\" aria-haspopup=\"true\">\n\t\t\t\t<img decoding=\"async\" width=\"2048\" height=\"1365\" src=\"https:\/\/www.trecolore.at\/architects\/wp-content\/uploads\/2017\/11\/wh-lavanttal_anhoehe.jpg\" class=\"attachment-full size-full lazyload wp-post-image\" alt=\"\" srcset=\"data:image\/svg+xml,%3Csvg%20xmlns%3D%27http%3A%2F%2Fwww.w3.org%2F2000%2Fsvg%27%20width%3D%272048%27%20height%3D%271365%27%20viewBox%3D%270%200%202048%201365%27%3E%3Crect%20width%3D%272048%27%20height%3D%271365%27%20fill-opacity%3D%220%22%2F%3E%3C%2Fsvg%3E\" data-orig-src=\"https:\/\/www.trecolore.at\/architects\/wp-content\/uploads\/2017\/11\/wh-lavanttal_anhoehe.jpg\" data-srcset=\"https:\/\/www.trecolore.at\/architects\/wp-content\/uploads\/2017\/11\/wh-lavanttal_anhoehe-200x133.jpg 200w, https:\/\/www.trecolore.at\/architects\/wp-content\/uploads\/2017\/11\/wh-lavanttal_anhoehe-400x267.jpg 400w, https:\/\/www.trecolore.at\/architects\/wp-content\/uploads\/2017\/11\/wh-lavanttal_anhoehe-600x400.jpg 600w, https:\/\/www.trecolore.at\/architects\/wp-content\/uploads\/2017\/11\/wh-lavanttal_anhoehe-800x533.jpg 800w, https:\/\/www.trecolore.at\/architects\/wp-content\/uploads\/2017\/11\/wh-lavanttal_anhoehe-1200x800.jpg 1200w, https:\/\/www.trecolore.at\/architects\/wp-content\/uploads\/2017\/11\/wh-lavanttal_anhoehe.jpg 2048w\" data-sizes=\"auto\" \/><div class=\"fusion-rollover\">\n\t<div class=\"fusion-rollover-content\">\n\n\t\t\t\t\t\t\t\t\t\t\t\t\t\t<a class=\"fusion-rollover-link\" href=\"https:\/\/www.trecolore.at\/architects\/wohnhaus-im-lavanttal\/\">Wohnhaus auf der Anh\u00f6he<\/a>\n\t\t\t\n\t\t\t\t\t\t\t\t\n\t\t\n\t\t\t\t\t\t\t\t\n\t\t\t\t\t\t\t\t\n\t\t\n\t\t\t\t\t\t<a class=\"fusion-link-wrapper\" href=\"https:\/\/www.trecolore.at\/architects\/wohnhaus-im-lavanttal\/\" aria-label=\"Wohnhaus auf der Anh\u00f6he\"><\/a>\n\t<\/div>\n<\/div>\n<\/div>\n<\/li>\n\t\t\t\n\t\t\t\n\t\t\t\t\t\t\t\t\t\t\t\t\t\t\t\t\t\t\t\t\t\t\t\t\t\t\t\t\t\t\t\t\t\t\t\t\t\t\t\t\t\t\t\t\t\t\t\t\t\t\t\t\t\t\t\t\t\t\t\t\t\t\t\t\t\t\t\t<\/ul>\n\t<\/div>\n\t<div class=\"fusion-post-content-wrapper\" style=\"padding:30px 25px 20px 25px;\"><div class=\"fusion-post-content post-content\"><h2 class=\"blog-shortcode-post-title entry-title\"><a href=\"https:\/\/www.trecolore.at\/architects\/wohnhaus-im-lavanttal\/\">Wohnhaus auf der Anh\u00f6he<\/a><\/h2><div class=\"fusion-post-content-container\"><p> Das Projektgrundst\u00fcck war einfach pr\u00e4destiniert f\u00fcr ein au\u00dfergew\u00f6hnliches Wohnhaus: Die leicht erh\u00f6hte Lage an einem sanft abfallenden Hang und [...]<\/p><\/div><\/div><\/div><div class=\"fusion-clearfix\"><\/div><\/div>\n<\/article>\n<div class=\"fusion-clearfix\"><\/div><\/div><div class=\"fusion-infinite-scroll-trigger\"><\/div><div class=\"pagination infinite-scroll clearfix\" style=\"display:none;\"><span class=\"current\">1<\/span><a href=\"https:\/\/www.trecolore.at\/architects\/wp-json\/wp\/v2\/pages\/656\/page\/2\/\" class=\"inactive\">2<\/a><a class=\"pagination-next\" rel=\"next\" href=\"https:\/\/www.trecolore.at\/architects\/wp-json\/wp\/v2\/pages\/656\/page\/2\/\"><span class=\"page-text\">Vor<\/span><span class=\"page-next\"><\/span><\/a><\/div><div class=\"fusion-clearfix\"><\/div><\/div><div class=\"fusion-clearfix\"><\/div><\/div><\/div><\/div><\/div>\n","protected":false},"excerpt":{"rendered":"","protected":false},"author":1,"featured_media":0,"parent":0,"menu_order":0,"comment_status":"closed","ping_status":"closed","template":"","meta":{"ngg_post_thumbnail":0,"footnotes":""},"class_list":["post-656","page","type-page","status-publish","hentry"],"yoast_head":"<!-- This site is optimized with the Yoast SEO plugin v27.0 - https:\/\/yoast.com\/product\/yoast-seo-wordpress\/ -->\n<title>Trecolore :: Architects of integrated solutions | Projektreferenzen<\/title>\n<meta name=\"description\" content=\"Unser Leistungsportfolio umfasst Leistungsbereiche von der Raumplanung, Projekt- und Standortentwicklung, Architektur Design Konzepte bis hin zur Generalplanung, Projektleitung und -steuerung sowie Bautr\u00e4gert\u00e4tigkeiten.\" \/>\n<meta name=\"robots\" content=\"index, follow, max-snippet:-1, max-image-preview:large, max-video-preview:-1\" \/>\n<link rel=\"canonical\" href=\"https:\/\/www.trecolore.at\/architects\/projektreferenzen\/\" \/>\n<meta property=\"og:locale\" content=\"de_DE\" \/>\n<meta property=\"og:type\" content=\"article\" \/>\n<meta property=\"og:title\" content=\"Trecolore :: Architects of integrated solutions | Projektreferenzen\" \/>\n<meta property=\"og:description\" content=\"Unser Leistungsportfolio umfasst Leistungsbereiche von der Raumplanung, Projekt- und Standortentwicklung, Architektur Design Konzepte bis hin zur Generalplanung, Projektleitung und -steuerung sowie Bautr\u00e4gert\u00e4tigkeiten.\" \/>\n<meta property=\"og:url\" content=\"https:\/\/www.trecolore.at\/architects\/projektreferenzen\/\" \/>\n<meta property=\"og:site_name\" content=\"Trecolore :: Architects of integrated solutions\" \/>\n<meta property=\"article:publisher\" content=\"https:\/\/www.facebook.com\/trecolore\/\" \/>\n<meta property=\"article:modified_time\" content=\"2026-01-20T08:40:45+00:00\" \/>\n<meta name=\"twitter:card\" content=\"summary_large_image\" \/>\n<meta name=\"twitter:label1\" content=\"Gesch\u00e4tzte Lesezeit\" \/>\n\t<meta name=\"twitter:data1\" content=\"5\u00a0Minuten\" \/>\n<script type=\"application\/ld+json\" class=\"yoast-schema-graph\">{\"@context\":\"https:\/\/schema.org\",\"@graph\":[{\"@type\":\"WebPage\",\"@id\":\"https:\/\/www.trecolore.at\/architects\/projektreferenzen\/\",\"url\":\"https:\/\/www.trecolore.at\/architects\/projektreferenzen\/\",\"name\":\"Trecolore :: Architects of integrated solutions | Projektreferenzen\",\"isPartOf\":{\"@id\":\"https:\/\/www.trecolore.at\/architects\/#website\"},\"datePublished\":\"2017-03-13T14:37:25+00:00\",\"dateModified\":\"2026-01-20T08:40:45+00:00\",\"description\":\"Unser Leistungsportfolio umfasst Leistungsbereiche von der Raumplanung, Projekt- und Standortentwicklung, Architektur Design Konzepte bis hin zur Generalplanung, Projektleitung und -steuerung sowie Bautr\u00e4gert\u00e4tigkeiten.\",\"breadcrumb\":{\"@id\":\"https:\/\/www.trecolore.at\/architects\/projektreferenzen\/#breadcrumb\"},\"inLanguage\":\"de\",\"potentialAction\":[{\"@type\":\"ReadAction\",\"target\":[\"https:\/\/www.trecolore.at\/architects\/projektreferenzen\/\"]}]},{\"@type\":\"BreadcrumbList\",\"@id\":\"https:\/\/www.trecolore.at\/architects\/projektreferenzen\/#breadcrumb\",\"itemListElement\":[{\"@type\":\"ListItem\",\"position\":1,\"name\":\"Startseite\",\"item\":\"https:\/\/www.trecolore.at\/architects\/\"},{\"@type\":\"ListItem\",\"position\":2,\"name\":\"Projektreferenzen\"}]},{\"@type\":\"WebSite\",\"@id\":\"https:\/\/www.trecolore.at\/architects\/#website\",\"url\":\"https:\/\/www.trecolore.at\/architects\/\",\"name\":\"Trecolore :: Architects of integrated solutions\",\"description\":\"Architekturb\u00fcro f\u00fcr integrale Planung\",\"potentialAction\":[{\"@type\":\"SearchAction\",\"target\":{\"@type\":\"EntryPoint\",\"urlTemplate\":\"https:\/\/www.trecolore.at\/architects\/?s={search_term_string}\"},\"query-input\":{\"@type\":\"PropertyValueSpecification\",\"valueRequired\":true,\"valueName\":\"search_term_string\"}}],\"inLanguage\":\"de\"}]}<\/script>\n<!-- \/ Yoast SEO plugin. -->","yoast_head_json":{"title":"Trecolore :: Architects of integrated solutions | Projektreferenzen","description":"Unser Leistungsportfolio umfasst Leistungsbereiche von der Raumplanung, Projekt- und Standortentwicklung, Architektur Design Konzepte bis hin zur Generalplanung, Projektleitung und -steuerung sowie Bautr\u00e4gert\u00e4tigkeiten.","robots":{"index":"index","follow":"follow","max-snippet":"max-snippet:-1","max-image-preview":"max-image-preview:large","max-video-preview":"max-video-preview:-1"},"canonical":"https:\/\/www.trecolore.at\/architects\/projektreferenzen\/","og_locale":"de_DE","og_type":"article","og_title":"Trecolore :: Architects of integrated solutions | Projektreferenzen","og_description":"Unser Leistungsportfolio umfasst Leistungsbereiche von der Raumplanung, Projekt- und Standortentwicklung, Architektur Design Konzepte bis hin zur Generalplanung, Projektleitung und -steuerung sowie Bautr\u00e4gert\u00e4tigkeiten.","og_url":"https:\/\/www.trecolore.at\/architects\/projektreferenzen\/","og_site_name":"Trecolore :: Architects of integrated solutions","article_publisher":"https:\/\/www.facebook.com\/trecolore\/","article_modified_time":"2026-01-20T08:40:45+00:00","twitter_card":"summary_large_image","twitter_misc":{"Gesch\u00e4tzte Lesezeit":"5\u00a0Minuten"},"schema":{"@context":"https:\/\/schema.org","@graph":[{"@type":"WebPage","@id":"https:\/\/www.trecolore.at\/architects\/projektreferenzen\/","url":"https:\/\/www.trecolore.at\/architects\/projektreferenzen\/","name":"Trecolore :: Architects of integrated solutions | Projektreferenzen","isPartOf":{"@id":"https:\/\/www.trecolore.at\/architects\/#website"},"datePublished":"2017-03-13T14:37:25+00:00","dateModified":"2026-01-20T08:40:45+00:00","description":"Unser Leistungsportfolio umfasst Leistungsbereiche von der Raumplanung, Projekt- und Standortentwicklung, Architektur Design Konzepte bis hin zur Generalplanung, Projektleitung und -steuerung sowie Bautr\u00e4gert\u00e4tigkeiten.","breadcrumb":{"@id":"https:\/\/www.trecolore.at\/architects\/projektreferenzen\/#breadcrumb"},"inLanguage":"de","potentialAction":[{"@type":"ReadAction","target":["https:\/\/www.trecolore.at\/architects\/projektreferenzen\/"]}]},{"@type":"BreadcrumbList","@id":"https:\/\/www.trecolore.at\/architects\/projektreferenzen\/#breadcrumb","itemListElement":[{"@type":"ListItem","position":1,"name":"Startseite","item":"https:\/\/www.trecolore.at\/architects\/"},{"@type":"ListItem","position":2,"name":"Projektreferenzen"}]},{"@type":"WebSite","@id":"https:\/\/www.trecolore.at\/architects\/#website","url":"https:\/\/www.trecolore.at\/architects\/","name":"Trecolore :: Architects of integrated solutions","description":"Architekturb\u00fcro f\u00fcr integrale Planung","potentialAction":[{"@type":"SearchAction","target":{"@type":"EntryPoint","urlTemplate":"https:\/\/www.trecolore.at\/architects\/?s={search_term_string}"},"query-input":{"@type":"PropertyValueSpecification","valueRequired":true,"valueName":"search_term_string"}}],"inLanguage":"de"}]}},"_links":{"self":[{"href":"https:\/\/www.trecolore.at\/architects\/wp-json\/wp\/v2\/pages\/656","targetHints":{"allow":["GET"]}}],"collection":[{"href":"https:\/\/www.trecolore.at\/architects\/wp-json\/wp\/v2\/pages"}],"about":[{"href":"https:\/\/www.trecolore.at\/architects\/wp-json\/wp\/v2\/types\/page"}],"author":[{"embeddable":true,"href":"https:\/\/www.trecolore.at\/architects\/wp-json\/wp\/v2\/users\/1"}],"replies":[{"embeddable":true,"href":"https:\/\/www.trecolore.at\/architects\/wp-json\/wp\/v2\/comments?post=656"}],"version-history":[{"count":3,"href":"https:\/\/www.trecolore.at\/architects\/wp-json\/wp\/v2\/pages\/656\/revisions"}],"predecessor-version":[{"id":5088,"href":"https:\/\/www.trecolore.at\/architects\/wp-json\/wp\/v2\/pages\/656\/revisions\/5088"}],"wp:attachment":[{"href":"https:\/\/www.trecolore.at\/architects\/wp-json\/wp\/v2\/media?parent=656"}],"curies":[{"name":"wp","href":"https:\/\/api.w.org\/{rel}","templated":true}]}}